{"id":37,"date":"2018-04-01T12:50:51","date_gmt":"2018-04-01T12:50:51","guid":{"rendered":"https:\/\/recavaca.wordpress.com\/?page_id=37"},"modified":"2018-06-05T17:13:08","modified_gmt":"2018-06-05T15:13:08","slug":"qui-sommes-nous","status":"publish","type":"page","link":"https:\/\/recavaca.com\/index.php\/qui-sommes-nous\/","title":{"rendered":"Qui sommes nous ?"},"content":{"rendered":"<h1 id=\"wnd_TextBlock_93755_inner_0\">AGED- Association Guadeloupe Equitable et Durable<\/h1>\n<p style=\"text-align: justify;\">Fond\u00e9e en Mars 2011 dans un souci de participation \u00e0 la conception d\u2019un monde \u00e9conomique, social et environnemental plus juste, notre association cherche \u00e0 promouvoir le D\u00e9veloppement Durable et le Commerce \u00c9quitable au sein de la R\u00e9gion Cara\u00efbe et notamment en Guadeloupe.<\/p>\n<p style=\"text-align: justify;\"><img data-attachment-id=\"883\" data-permalink=\"https:\/\/recavaca.com\/index.php\/qui-sommes-nous\/logo-hd-aged\/\" data-orig-file=\"https:\/\/i0.wp.com\/recavaca.com\/wp-content\/uploads\/2018\/04\/LOGO-HD-AGED.png?fit=2480%2C827&amp;ssl=1\" data-orig-size=\"2480,827\" data-comments-opened=\"0\" data-image-meta=\"{&quot;aperture&quot;:&quot;0&quot;,&quot;credit&quot;:&quot;&quot;,&quot;camera&quot;:&quot;&quot;,&quot;caption&quot;:&quot;&quot;,&quot;created_timestamp&quot;:&quot;0&quot;,&quot;copyright&quot;:&quot;&quot;,&quot;focal_length&quot;:&quot;0&quot;,&quot;iso&quot;:&quot;0&quot;,&quot;shutter_speed&quot;:&quot;0&quot;,&quot;title&quot;:&quot;&quot;,&quot;orientation&quot;:&quot;0&quot;}\" data-image-title=\"LOGO HD AGED\" data-image-description=\"\" data-image-caption=\"\" data-medium-file=\"https:\/\/i0.wp.com\/recavaca.com\/wp-content\/uploads\/2018\/04\/LOGO-HD-AGED.png?fit=300%2C100&amp;ssl=1\" data-large-file=\"https:\/\/i0.wp.com\/recavaca.com\/wp-content\/uploads\/2018\/04\/LOGO-HD-AGED.png?fit=525%2C175&amp;ssl=1\" loading=\"lazy\" class=\"aligncenter wp-image-883 size-large\" src=\"https:\/\/i0.wp.com\/recavaca.com\/wp-content\/uploads\/2018\/04\/LOGO-HD-AGED.png?resize=525%2C175&#038;ssl=1\" alt=\"\" width=\"525\" height=\"175\" srcset=\"https:\/\/i0.wp.com\/recavaca.com\/wp-content\/uploads\/2018\/04\/LOGO-HD-AGED.png?resize=1024%2C341&amp;ssl=1 1024w, https:\/\/i0.wp.com\/recavaca.com\/wp-content\/uploads\/2018\/04\/LOGO-HD-AGED.png?resize=300%2C100&amp;ssl=1 300w, https:\/\/i0.wp.com\/recavaca.com\/wp-content\/uploads\/2018\/04\/LOGO-HD-AGED.png?resize=768%2C256&amp;ssl=1 768w, https:\/\/i0.wp.com\/recavaca.com\/wp-content\/uploads\/2018\/04\/LOGO-HD-AGED.png?w=1575&amp;ssl=1 1575w\" sizes=\"(max-width: 525px) 100vw, 525px\" data-recalc-dims=\"1\" \/><!--more--><\/p>\n<h2 id=\"wnd_TextBlock_93755_inner_3\" style=\"text-align: justify;\"><b><span class=\"wnd-font-size-80\">Pourquoi ?<\/span><\/b><\/h2>\n<p id=\"wnd_TextBlock_93755_inner_4\" style=\"text-align: justify;\">L\u2019id\u00e9e est de soutenir et favoriser l\u2019acc\u00e8s au march\u00e9 international des artisans et des petits producteurs (bien souvent marginalis\u00e9s et concurrenc\u00e9s par les grands groupes commerciaux) dans le but d\u2019am\u00e9liorer leur niveau de vie et de parvenir \u00e0 une plus grande \u00e9quit\u00e9 au sein du commerce mondial, tout en contribuant au D\u00e9veloppement Durable.<\/p>\n<p id=\"wnd_TextBlock_93755_inner_5\" style=\"text-align: justify;\">A cela s\u2019ajoute \u00e9galement la volont\u00e9 de participer au d\u00e9veloppement \u00e9conomique de certaines r\u00e9gions ou pays en difficult\u00e9, tout en stimulant l\u2019agriculture Guadeloup\u00e9enne (principe de coop\u00e9ration).<\/p>\n<h2 id=\"wnd_TextBlock_93755_inner_6\"><b><span class=\"wnd-font-size-80\">Comment ?<\/span><\/b><\/h2>\n<h3 id=\"wnd_TextBlock_93755_inner_7\"><b><span class=\"wnd-font-size-80\">Par la mise en place de diff\u00e9rentes actions :<\/span><\/b><\/h3>\n<ul id=\"wnd_TextBlock_93755_inner_8\">\n<li style=\"text-align: justify;\"><span class=\"wnd-font-size-80\">Sensibilisation des consommateurs et des organismes publics \u00e0 la&nbsp;consommation responsable*&nbsp;(\u00ab Quinzaine du Commerce Equitable \u00bb organis\u00e9e au mois de Mai)<br \/>\n<\/span><\/li>\n<li style=\"text-align: justify;\"><span class=\"wnd-font-size-80\">Cr\u00e9ation d&rsquo;espaces d&rsquo;\u00e9changes culturels et d&rsquo;apprentissages<br \/>\n<\/span><\/li>\n<li style=\"text-align: justify;\"><span class=\"wnd-font-size-80\">Cr\u00e9ation de fili\u00e8res de commercialisation et de distribution de produits issus du commerce \u00e9quitable et de l&rsquo;Agriculture biologique.<\/span><\/li>\n<li style=\"text-align: justify;\"><span class=\"wnd-font-size-80\">D\u00e9veloppement des relations commerciales avec les petits producteurs de la R\u00e9gion Cara\u00efbe<\/span><\/li>\n<\/ul>\n<h3 id=\"wnd_TextBlock_20379_inner_1\"><span class=\"wnd-font-size-70\"><b>Mais qu&rsquo;est-ce que la consommation responsable ?<\/b><\/span><\/h3>\n<p id=\"wnd_TextBlock_20379_inner_3\" style=\"text-align: justify;\"><span class=\"wnd-font-size-80\">\u00ab Consommer responsable \u00bb c&rsquo;est :<br \/>\n<\/span><\/p>\n<ul id=\"wnd_TextBlock_20379_inner_4\" style=\"text-align: justify;\">\n<li><span class=\"wnd-font-size-80\">Apprendre \u00e0 lire une \u00e9tiquette, savoir reconna\u00eetre un label environnemental et s&rsquo;informer sur la provenance d&rsquo;un produit<br \/>\n<\/span><\/li>\n<li><span class=\"wnd-font-size-80\">Encourager les bonnes pratiques de consommation et informer et sensibiliser son entourage<br \/>\n<\/span><\/li>\n<li><span class=\"wnd-font-size-80\">Consommer des produits issus du commerce \u00e9quitable<br \/>\n<\/span><\/li>\n<\/ul>\n<p id=\"wnd_TextBlock_20379_inner_5\" style=\"text-align: justify;\"><span class=\"wnd-font-size-80\">La Consommation Responsable c&rsquo;est alors et avant tout une&nbsp;<strong>d\u00e9marche d&rsquo;achat r\u00e9fl\u00e9chie<\/strong>. C&rsquo;est aussi participer \u00e0 une implication des entreprises en mati\u00e8re de <strong>d\u00e9veloppement \u00e9quitable et durable<\/strong>. Le consommateur devient acteur averti et engag\u00e9 notamment en r\u00e9fl\u00e9chissant aux cons\u00e9quences environnementales et sociales de son acte d&rsquo;achat.<\/span><\/p>\n<p id=\"wnd_TextBlock_20379_inner_6\"><strong><span class=\"wnd-font-size-80\">Toi aussi devient consommateur responsable !&nbsp;<\/span><\/strong><\/p>\n<h2 id=\"wnd_TextBlock_46680_inner_0\"><span class=\"wnd-font-size-90\"><b>Nos projets<\/b><\/span><\/h2>\n<h3 id=\"wnd_TextBlock_46680_inner_1\"><span class=\"wnd-font-size-80\"><strong><em>Actualit\u00e9 :<\/em><\/strong><br \/>\n<\/span><\/h3>\n<p style=\"text-align: justify;\"><strong>Le Cacao :&nbsp;<\/strong>Projet de coop\u00e9ration avec la r\u00e9gion de la Grand \u2018Anse en Ha\u00efti ; D\u00e9veloppement et commercialisation des fili\u00e8res de cacao bio \u00e9quitable, une ambition Carib\u00e9enne et mondiale !<\/p>\n<h3 id=\"wnd_TextBlock_46680_inner_3\" style=\"text-align: justify;\"><strong><em><span class=\"wnd-font-size-80\">Autre projet en cours :<\/span><\/em><\/strong><\/h3>\n<p style=\"text-align: justify;\"><strong>Le Coton :&nbsp;<\/strong>Projet de coop\u00e9ration avec la r\u00e9gion Nordeste du Br\u00e9sil ; Cr\u00e9ation d\u2019une fili\u00e8re de v\u00eatements de coton bio \u00e9quitable en provenance du Br\u00e9sil et color\u00e9s \u00e0 base de mati\u00e8res v\u00e9g\u00e9tales d\u2019origine guadeloup\u00e9enne.<\/p>\n<h3><span class=\"wnd-font-size-60\"><b>D\u00e9fil\u00e9 en lien avec le projet de coton bio \u00e9quitable ; coop\u00e9ration Br\u00e9sil-Guadeloupe<\/b><\/span><\/h3>\n<p style=\"text-align: justify;\">V\u00eatements r\u00e9alis\u00e9s par les \u00e9l\u00e8ves de BAC PRO M\u00e9tier de la Mode du Lyc\u00e9e Chevalier de Saint Georges \u00e0 Pointe-\u00e0-Pitre, D\u00e9cembre 2013<\/p>\n<ul class=\"ili-indent\">\n<li><span class=\"wnd-font-size-60\">Tissu en coton bio-\u00e9quitable<\/span><\/li>\n<li><span class=\"wnd-font-size-60\">Coloration naturelle<\/span><\/li>\n<\/ul>\n<div>\n<p>[ngg_images source=\u00a0\u00bbgalleries\u00a0\u00bb container_ids=\u00a0\u00bb3&Prime; display_type=\u00a0\u00bbphotocrati-nextgen_basic_slideshow\u00a0\u00bb gallery_width=\u00a0\u00bb600&Prime; gallery_height=\u00a0\u00bb400&Prime; cycle_effect=\u00a0\u00bbfade\u00a0\u00bb cycle_interval=\u00a0\u00bb3&Prime; show_thumbnail_link=\u00a0\u00bb0&Prime; thumbnail_link_text=\u00a0\u00bb[Montrer sous forme de vignettes]\u00a0\u00bb order_by=\u00a0\u00bbsortorder\u00a0\u00bb order_direction=\u00a0\u00bbASC\u00a0\u00bb returns=\u00a0\u00bbincluded\u00a0\u00bb maximum_entity_count=\u00a0\u00bb500&Prime;]<\/p>\n<\/div>\n","protected":false},"excerpt":{"rendered":"<p>AGED- Association Guadeloupe Equitable et Durable Fond\u00e9e en Mars 2011 dans un souci de participation \u00e0 la conception d\u2019un monde \u00e9conomique, social et environnemental plus juste, notre association cherche \u00e0 promouvoir le D\u00e9veloppement Durable et le Commerce \u00c9quitable au sein de la R\u00e9gion Cara\u00efbe et notamment en Guadeloupe.<\/p>\n","protected":false},"author":2,"featured_media":608,"parent":0,"menu_order":6,"comment_status":"closed","ping_status":"closed","template":"","meta":{"spay_email":""},"yoast_head":"<!-- This site is optimized with the Yoast SEO plugin v18.1 - https:\/\/yoast.com\/wordpress\/plugins\/seo\/ -->\n<title>Qui sommes nous ? - Recavaca<\/title>\n<meta name=\"robots\" content=\"index, follow, max-snippet:-1, max-image-preview:large, max-video-preview:-1\" \/>\n<link rel=\"canonical\" href=\"https:\/\/recavaca.com\/index.php\/qui-sommes-nous\/\" \/>\n<meta property=\"og:locale\" content=\"fr_FR\" \/>\n<meta property=\"og:type\" content=\"article\" \/>\n<meta property=\"og:title\" content=\"Qui sommes nous ? - Recavaca\" \/>\n<meta property=\"og:description\" content=\"AGED- Association Guadeloupe Equitable et Durable Fond\u00e9e en Mars 2011 dans un souci de participation \u00e0 la conception d\u2019un monde \u00e9conomique, social et environnemental plus juste, notre association cherche \u00e0 promouvoir le D\u00e9veloppement Durable et le Commerce \u00c9quitable au sein de la R\u00e9gion Cara\u00efbe et notamment en Guadeloupe.\" \/>\n<meta property=\"og:url\" content=\"https:\/\/recavaca.com\/index.php\/qui-sommes-nous\/\" \/>\n<meta property=\"og:site_name\" content=\"Recavaca\" \/>\n<meta property=\"article:publisher\" content=\"https:\/\/www.facebook.com\/guadeloupeequitableetdurable\/\" \/>\n<meta property=\"article:modified_time\" content=\"2018-06-05T15:13:08+00:00\" \/>\n<meta property=\"og:image\" content=\"https:\/\/i0.wp.com\/recavaca.com\/wp-content\/uploads\/2018\/04\/P_20180115_125902.jpg?fit=3840%2C2160&#038;ssl=1\" \/>\n\t<meta property=\"og:image:width\" content=\"3840\" \/>\n\t<meta property=\"og:image:height\" content=\"2160\" \/>\n\t<meta property=\"og:image:type\" content=\"image\/jpeg\" \/>\n<meta name=\"twitter:card\" content=\"summary_large_image\" \/>\n<meta name=\"twitter:label1\" content=\"Dur\u00e9e de lecture estim\u00e9e\" \/>\n\t<meta name=\"twitter:data1\" content=\"3 minutes\" \/>\n<script type=\"application\/ld+json\" class=\"yoast-schema-graph\">{\"@context\":\"https:\/\/schema.org\",\"@graph\":[{\"@type\":\"WebSite\",\"@id\":\"https:\/\/recavaca.com\/#website\",\"url\":\"https:\/\/recavaca.com\/\",\"name\":\"Recavaca\",\"description\":\"R\u00e9seau Carib\u00e9en pour la Valorisation du Cacao\",\"potentialAction\":[{\"@type\":\"SearchAction\",\"target\":{\"@type\":\"EntryPoint\",\"urlTemplate\":\"https:\/\/recavaca.com\/?s={search_term_string}\"},\"query-input\":\"required name=search_term_string\"}],\"inLanguage\":\"fr-FR\"},{\"@type\":\"ImageObject\",\"@id\":\"https:\/\/recavaca.com\/index.php\/qui-sommes-nous\/#primaryimage\",\"inLanguage\":\"fr-FR\",\"url\":\"https:\/\/i0.wp.com\/recavaca.com\/wp-content\/uploads\/2018\/04\/P_20180115_125902.jpg?fit=3840%2C2160&ssl=1\",\"contentUrl\":\"https:\/\/i0.wp.com\/recavaca.com\/wp-content\/uploads\/2018\/04\/P_20180115_125902.jpg?fit=3840%2C2160&ssl=1\",\"width\":3840,\"height\":2160},{\"@type\":\"WebPage\",\"@id\":\"https:\/\/recavaca.com\/index.php\/qui-sommes-nous\/#webpage\",\"url\":\"https:\/\/recavaca.com\/index.php\/qui-sommes-nous\/\",\"name\":\"Qui sommes nous ? - Recavaca\",\"isPartOf\":{\"@id\":\"https:\/\/recavaca.com\/#website\"},\"primaryImageOfPage\":{\"@id\":\"https:\/\/recavaca.com\/index.php\/qui-sommes-nous\/#primaryimage\"},\"datePublished\":\"2018-04-01T12:50:51+00:00\",\"dateModified\":\"2018-06-05T15:13:08+00:00\",\"breadcrumb\":{\"@id\":\"https:\/\/recavaca.com\/index.php\/qui-sommes-nous\/#breadcrumb\"},\"inLanguage\":\"fr-FR\",\"potentialAction\":[{\"@type\":\"ReadAction\",\"target\":[\"https:\/\/recavaca.com\/index.php\/qui-sommes-nous\/\"]}]},{\"@type\":\"BreadcrumbList\",\"@id\":\"https:\/\/recavaca.com\/index.php\/qui-sommes-nous\/#breadcrumb\",\"itemListElement\":[{\"@type\":\"ListItem\",\"position\":1,\"name\":\"Accueil\",\"item\":\"https:\/\/recavaca.com\/\"},{\"@type\":\"ListItem\",\"position\":2,\"name\":\"Qui sommes nous ?\"}]}]}<\/script>\n<!-- \/ Yoast SEO plugin. -->","yoast_head_json":{"title":"Qui sommes nous ? - Recavaca","robots":{"index":"index","follow":"follow","max-snippet":"max-snippet:-1","max-image-preview":"max-image-preview:large","max-video-preview":"max-video-preview:-1"},"canonical":"https:\/\/recavaca.com\/index.php\/qui-sommes-nous\/","og_locale":"fr_FR","og_type":"article","og_title":"Qui sommes nous ? - Recavaca","og_description":"AGED- Association Guadeloupe Equitable et Durable Fond\u00e9e en Mars 2011 dans un souci de participation \u00e0 la conception d\u2019un monde \u00e9conomique, social et environnemental plus juste, notre association cherche \u00e0 promouvoir le D\u00e9veloppement Durable et le Commerce \u00c9quitable au sein de la R\u00e9gion Cara\u00efbe et notamment en Guadeloupe.","og_url":"https:\/\/recavaca.com\/index.php\/qui-sommes-nous\/","og_site_name":"Recavaca","article_publisher":"https:\/\/www.facebook.com\/guadeloupeequitableetdurable\/","article_modified_time":"2018-06-05T15:13:08+00:00","og_image":[{"width":3840,"height":2160,"url":"https:\/\/i0.wp.com\/recavaca.com\/wp-content\/uploads\/2018\/04\/P_20180115_125902.jpg?fit=3840%2C2160&ssl=1","type":"image\/jpeg"}],"twitter_card":"summary_large_image","twitter_misc":{"Dur\u00e9e de lecture estim\u00e9e":"3 minutes"},"schema":{"@context":"https:\/\/schema.org","@graph":[{"@type":"WebSite","@id":"https:\/\/recavaca.com\/#website","url":"https:\/\/recavaca.com\/","name":"Recavaca","description":"R\u00e9seau Carib\u00e9en pour la Valorisation du Cacao","potentialAction":[{"@type":"SearchAction","target":{"@type":"EntryPoint","urlTemplate":"https:\/\/recavaca.com\/?s={search_term_string}"},"query-input":"required name=search_term_string"}],"inLanguage":"fr-FR"},{"@type":"ImageObject","@id":"https:\/\/recavaca.com\/index.php\/qui-sommes-nous\/#primaryimage","inLanguage":"fr-FR","url":"https:\/\/i0.wp.com\/recavaca.com\/wp-content\/uploads\/2018\/04\/P_20180115_125902.jpg?fit=3840%2C2160&ssl=1","contentUrl":"https:\/\/i0.wp.com\/recavaca.com\/wp-content\/uploads\/2018\/04\/P_20180115_125902.jpg?fit=3840%2C2160&ssl=1","width":3840,"height":2160},{"@type":"WebPage","@id":"https:\/\/recavaca.com\/index.php\/qui-sommes-nous\/#webpage","url":"https:\/\/recavaca.com\/index.php\/qui-sommes-nous\/","name":"Qui sommes nous ? - Recavaca","isPartOf":{"@id":"https:\/\/recavaca.com\/#website"},"primaryImageOfPage":{"@id":"https:\/\/recavaca.com\/index.php\/qui-sommes-nous\/#primaryimage"},"datePublished":"2018-04-01T12:50:51+00:00","dateModified":"2018-06-05T15:13:08+00:00","breadcrumb":{"@id":"https:\/\/recavaca.com\/index.php\/qui-sommes-nous\/#breadcrumb"},"inLanguage":"fr-FR","potentialAction":[{"@type":"ReadAction","target":["https:\/\/recavaca.com\/index.php\/qui-sommes-nous\/"]}]},{"@type":"BreadcrumbList","@id":"https:\/\/recavaca.com\/index.php\/qui-sommes-nous\/#breadcrumb","itemListElement":[{"@type":"ListItem","position":1,"name":"Accueil","item":"https:\/\/recavaca.com\/"},{"@type":"ListItem","position":2,"name":"Qui sommes nous ?"}]}]}},"jetpack_sharing_enabled":true,"jetpack_shortlink":"https:\/\/wp.me\/P9QgSb-B","jetpack-related-posts":[{"id":1189,"url":"https:\/\/recavaca.com\/index.php\/latelier-competences-internationales\/","url_meta":{"origin":37,"position":0},"title":"L\u2019Atelier Comp\u00e9tences Internationales","date":"25 mai 2018","format":false,"excerpt":"Atelier Comp\u00e9tences Internationales (ACI) est un cabinet d\u2019\u00e9tude, d\u2019accompagnement\u00a0et de formation sp\u00e9cialis\u00e9 dans l\u2019\u00e9mergence et le renforcement de capacit\u00e9s des entrepreneurs et organisations qui mettent le d\u00e9veloppement humain au centre de leurs pr\u00e9occupations. ACI est n\u00e9e du partage d\u2019exp\u00e9riences et d\u2019expertises de ses fondatrices et sur le choix de soutenir\u2026","rel":"","context":"Article similaire","img":{"alt_text":"","src":"","width":0,"height":0},"classes":[]},{"id":1192,"url":"https:\/\/recavaca.com\/index.php\/la-mission-jeunes-experts-aequum\/","url_meta":{"origin":37,"position":1},"title":"La MJE \u2013 AEQUUM","date":"25 mai 2018","format":false,"excerpt":"L\u2019\u00e9quipe Aequum est compos\u00e9e d\u2019\u00e9tudiants issus d\u2019une \u00e9cole d\u2019ing\u00e9nieur en agronomie et d\u00e9veloppement international (ISTOM), et a pour vocation de s\u2019int\u00e9resser aux th\u00e9matiques du commerce \u00e9quitable et solidaire dans les pays en d\u00e9veloppement. Elle est plac\u00e9e sous l\u2019\u00e9gide de l\u2019association Expert\u2019Co, qui r\u00e9alise depuis 2011 des projets de d\u00e9veloppement, dans\u2026","rel":"","context":"Article similaire","img":{"alt_text":"","src":"","width":0,"height":0},"classes":[]},{"id":33,"url":"https:\/\/recavaca.com\/index.php\/le-commerce-equitable\/","url_meta":{"origin":37,"position":2},"title":"Le Commerce Equitable","date":"1 avril 2018","format":false,"excerpt":"Depuis quand ? O\u00f9 ? Dans quel but ? \u00a0 \u00a0 \u00a0 \u00a0Les premiers projets de commerce \u00e9quitable se d\u00e9veloppent dans les ann\u00e9es 40, aux Etats-Unis, puis, quelques ann\u00e9es plus tard en Europe, dans un souci de contribuer au bien-\u00eatre et au d\u00e9veloppement des pays les plus pauvres. Mais ce\u2026","rel":"","context":"Article similaire","img":{"alt_text":"","src":"https:\/\/i0.wp.com\/recavaca.com\/wp-content\/uploads\/2018\/04\/22326449230_6cf30a4fc6_o.jpg?resize=350%2C200","width":350,"height":200},"classes":[]},{"id":1165,"url":"https:\/\/recavaca.com\/index.php\/le-syndicat-agricole-des-planteurs-de-cafe-et-de-cacao-de-guadeloupe\/","url_meta":{"origin":37,"position":3},"title":"La SAPCAV","date":"25 mai 2018","format":false,"excerpt":"Le Syndicat Agricole des planteurs de caf\u00e9, cacao et vanille de Guadeloupe (ou SAPCAV, anciennement SAPCAF), est une Association syndicale professionnelle de loi 1884. Le syndicat a choisi d'adopter une d\u00e9marche durable pour ses adh\u00e9rents. Il a \u00e9t\u00e9 cr\u00e9\u00e9 en mai 2017 et compte \u00e0 ce jour 25 adh\u00e9rents repr\u00e9sentant\u2026","rel":"","context":"Article similaire","img":{"alt_text":"","src":"","width":0,"height":0},"classes":[]},{"id":1164,"url":"https:\/\/recavaca.com\/index.php\/lassofwi\/","url_meta":{"origin":37,"position":4},"title":"L&rsquo;Assofwi","date":"25 mai 2018","format":false,"excerpt":"L'Assofwi est une association loi 1901\u00a0 situ\u00e9e sur la c\u00f4te sous le vent de la Guadeloupe \u00e0 Vieux Habitants. Cr\u00e9\u00e9e en 2003, elle compte en 2018 50 producteurs adh\u00e9rents r\u00e9partis sur toute la Guadeloupe repr\u00e9sentant une surface d'environ 250 ha plant\u00e9 en diversification v\u00e9g\u00e9tale, principalement arboriculture et mara\u00eechage. Elle est\u2026","rel":"","context":"Article similaire","img":{"alt_text":"","src":"","width":0,"height":0},"classes":[]},{"id":5,"url":"https:\/\/recavaca.com\/index.php\/recavaca\/","url_meta":{"origin":37,"position":5},"title":"Pr\u00e9sentation","date":"1 avril 2018","format":false,"excerpt":"Recavaca : un projet de coop\u00e9ration pour la valorisation du cacao Le projet Recavaca (R\u00e9seau Carib\u00e9en pour la valorisation du cacao), vise le renforcement de la diversification \u00e9conomique des territoires d\u2019Ha\u00efti et de la Guadeloupe, et plus largement de la r\u00e9gion Cara\u00efbe, par le transfert des connaissances et la commercialisation\u2026","rel":"","context":"Article similaire","img":{"alt_text":"","src":"https:\/\/i0.wp.com\/recavaca.com\/wp-content\/uploads\/2019\/04\/interreg_CARAIBES_FR_RGB-Copie.jpg?fit=1200%2C601&ssl=1&resize=350%2C200","width":350,"height":200},"classes":[]}],"_links":{"self":[{"href":"https:\/\/recavaca.com\/index.php\/wp-json\/wp\/v2\/pages\/37"}],"collection":[{"href":"https:\/\/recavaca.com\/index.php\/wp-json\/wp\/v2\/pages"}],"about":[{"href":"https:\/\/recavaca.com\/index.php\/wp-json\/wp\/v2\/types\/page"}],"author":[{"embeddable":true,"href":"https:\/\/recavaca.com\/index.php\/wp-json\/wp\/v2\/users\/2"}],"replies":[{"embeddable":true,"href":"https:\/\/recavaca.com\/index.php\/wp-json\/wp\/v2\/comments?post=37"}],"version-history":[{"count":11,"href":"https:\/\/recavaca.com\/index.php\/wp-json\/wp\/v2\/pages\/37\/revisions"}],"predecessor-version":[{"id":1281,"href":"https:\/\/recavaca.com\/index.php\/wp-json\/wp\/v2\/pages\/37\/revisions\/1281"}],"wp:featuredmedia":[{"embeddable":true,"href":"https:\/\/recavaca.com\/index.php\/wp-json\/wp\/v2\/media\/608"}],"wp:attachment":[{"href":"https:\/\/recavaca.com\/index.php\/wp-json\/wp\/v2\/media?parent=37"}],"curies":[{"name":"wp","href":"https:\/\/api.w.org\/{rel}","templated":true}]}}