{"id":31,"date":"2018-04-01T12:41:57","date_gmt":"2018-04-01T12:41:57","guid":{"rendered":"https:\/\/recavaca.wordpress.com\/?page_id=31"},"modified":"2018-04-19T17:18:18","modified_gmt":"2018-04-19T15:18:18","slug":"le-cacao","status":"publish","type":"page","link":"https:\/\/recavaca.com\/index.php\/le-cacao\/","title":{"rendered":"Le Cacao"},"content":{"rendered":"<h1 id=\"wnd_TextBlock_96760_inner_0\" style=\"text-align: justify;\">L&rsquo;histoire du cacao dans la r\u00e9gion Cara\u00efbe<\/h1>\n<p id=\"wnd_TextBlock_96760_inner_1\" style=\"text-align: justify;\">La r\u00e9gion de la Cara\u00efbe englobe les \u00eeles et les r\u00e9gions continentales am\u00e9ricaines qui entourent la mer des Cara\u00efbes. Cette r\u00e9gion pauvre mais touristique a longtemps abrit\u00e9 d\u2019immenses plantations cacaoy\u00e8res et ses grands cultivateurs en raison de son climat chaud et humide. Les cacaos obtenus y \u00e9taient d\u2019ailleurs rares et tr\u00e8s appr\u00e9ci\u00e9s. Ils le sont encore aujourd\u2019hui, cependant, la plupart des plantations ont \u00e9t\u00e9 abandonn\u00e9es.<br \/>\n<!--more--><\/p>\n<h2 id=\"wnd_TextBlock_96760_inner_2\" style=\"text-align: justify;\"><span class=\"wnd-font-size-80\"><span class=\"wnd-font-size-120\">Le cacao, \u00ab nourriture des dieux \u00bb<\/span><\/span><\/h2>\n<p id=\"wnd_TextBlock_96760_inner_3\" style=\"text-align: justify;\">C\u2019est dans la r\u00e9gion m\u00e9soam\u00e9ricaine, et plus particuli\u00e8rement sur la c\u00f4te pacifique et la c\u00f4te du Golfe du Mexique, que la culture du cacao est la plus anciennement attest\u00e9e. Datant du II\u00e8me mill\u00e9naire av. JC, cette culture s\u2019est r\u00e9pandue de mani\u00e8re extensive. Traditionnellement utilis\u00e9 par les population Olm\u00e8ques, Mayas et Azt\u00e8ques pendant les c\u00e9r\u00e9monies et rituels sous forme de breuvage, ou encore pour combattre diff\u00e9rentes infections, le cacao servait \u00e9galement de monnaie d\u2019\u00e9change (f\u00e8ves). Ce qui est appel\u00e9 \u00ab la nourriture des dieux \u00bb fut un \u00e9l\u00e9ment majeur social, \u00e9conomique et religieux jusqu\u2019\u00e0 la conqu\u00eate espagnole, au XV\u00e8me si\u00e8cle.<\/p>\n<p id=\"wnd_TextBlock_96760_inner_4\" style=\"text-align: justify;\">Les Espagnols rencontrent pour la premi\u00e8re fois le cacao dans les Cara\u00efbes en 1495. Ils ne portent leur attention sur la f\u00e8ve que plus tard, apr\u00e8s avoir transform\u00e9 la boisson ti\u00e8de et am\u00e8re des indig\u00e8nes pour l\u2019adapter \u00e0 leur go\u00fbt, notamment en y ajoutant sucre et cannelle. Apr\u00e8s la conqu\u00eate du Mexique, le cacao est export\u00e9 vers la m\u00e9tropole et la culture est intensifi\u00e9e.<\/p>\n<hr>\n<h2 id=\"wnd_TextBlock_18584_inner_2\" style=\"text-align: justify;\"><span class=\"wnd-font-size-60\">L&rsquo;Afrique de l&rsquo;Ouest, nouveau leader<\/span><\/h2>\n<p style=\"text-align: justify;\">A partir de la premi\u00e8re d\u00e9cennie du XX\u00e8me si\u00e8cle, la production de cacao est multipli\u00e9e par 20 dans les r\u00e9gions du Ghana, du Nigeria et de la C\u00f4te d\u2019Ivoire. Le cacao&nbsp;<strong>Criollo<\/strong>, vari\u00e9t\u00e9 essentiellement d\u00e9velopp\u00e9e au P\u00e9rou et en Equateur et dans la r\u00e9gion Cara\u00efbe, poussent difficilement en Afrique. On y cultive alors le&nbsp;<strong>Forestero<\/strong>, une vari\u00e9t\u00e9 plus solide, plus productive et plus r\u00e9sistante mais pas pour autant de meilleure qualit\u00e9.<\/p>\n<hr>\n<h1 id=\"wnd_TextBlock_93536_inner_0\" style=\"text-align: justify;\"><span class=\"wnd-font-size-60\">La r\u00e9gion Cara\u00efbe aujourd&rsquo;hui<\/span><\/h1>\n<p style=\"text-align: justify;\">Aujourd\u2019hui, on trouve la partie la plus importante des plantations sur la c\u00f4te Cara\u00efbe sud. On cultive encore le cacao au sein de cette r\u00e9gion, mais plusieurs facteurs tels que des ph\u00e9nom\u00e8nes naturels (cyclones, tremblements de terre, \u00e9ruptions volcaniques), le manque de technique et d\u2019organisation, et l\u2019\u00e9mergence d\u2019autres cultures plus r\u00e9mun\u00e9ratrices (telles que la banane ou la canne \u00e0 sucre en Guadeloupe), ont eu pour cons\u00e9quence l\u2019abandon de la plupart des plantations.<\/p>\n<p id=\"wnd_TextBlock_93536_inner_3\" style=\"text-align: justify;\">Au Costa Rica et \u00e0 Trinidad-et-Tobago, par exemple, la culture du cacao est de nouveau en essor. La fili\u00e8re cacao n\u2019a pas encore atteint son stade de maturit\u00e9 et offre des opportunit\u00e9s de d\u00e9veloppement.<\/p>\n<h2>Haiti<\/h2>\n<p style=\"text-align: justify;\">Ha\u00efti poss\u00e9derait aujourd\u2019hui environ 16 000 hectares de plantations de cacao pour une production annuelle potentielle de 5000 \u00e0 7500 tonnes. Les grandes r\u00e9gions concern\u00e9es sont la Grande Anse et le Nord. Le cacao est le 3<sup>e<\/sup> produit d\u2019exportations primaires d\u2019Ha\u00efti, avec environ 8 millions de dollars par an, contre 3,9 millions de dollars en caf\u00e9 pour la m\u00eame ann\u00e9e (BRH, 2015). 30 000 familles rurales vivent aujourd\u2019hui de la culture du cacao.<\/p>\n<p style=\"text-align: justify;\">Le territoire ha\u00eftien est tr\u00e8s favorable au d\u00e9veloppement du cacao et \u00e0 l\u2019intensification de la production que ce soit pour de nouvelles plantations ou pour la r\u00e9habilitation des parcelles plus anciennes existantes. Toutefois, malgr\u00e9 les nombreuses interventions en appui technique et financier, la production tend \u00e0 stagner autour de 5000 Tonnes.<\/p>\n<p style=\"text-align: justify;\">En Ha\u00efti, en 2009, seulement 5% de la production de cacao \u00e9tait ferment\u00e9. Mais la diff\u00e9rence de prix pay\u00e9 aux planteurs pour le cacao ferment\u00e9 par rapport au cacao non ferment\u00e9 est de plus en plus incitative. Ainsi un important programme, men\u00e9 par une marque issue du commerce \u00e9quitable, visant \u00e0 former les producteurs de cacao du nord d\u2019Ha\u00efti \u00e0 la culture et \u00e0 la transformation d\u2019un cacao de qualit\u00e9 ferment\u00e9, a \u00e9t\u00e9 mis en place.&nbsp;<\/p>\n<p style=\"text-align: justify;\">Au sud, sous l\u2019\u00e9gide de l\u2019ODEFCAGA (l\u2019organisation de producteurs pour le d\u00e9veloppement de la fili\u00e8re Cacao dans la Grande Anse), la relance du cacao est devenue une r\u00e9alit\u00e9 depuis 2012, avec d\u2019une part la mise en place de p\u00e9pini\u00e8res dans plusieurs communes du d\u00e9partement pour faciliter la r\u00e9g\u00e9n\u00e9ration des parcelles locales jug\u00e9es souvent anciennes et peu productives, et d\u2019autre part la construction de centres de traitement pour la fermentation et le s\u00e9chage des f\u00e8ves de cacao.<\/p>\n<p style=\"text-align: justify;\">Bien que la qualit\u00e9 de la production de cacao ferment\u00e9e soit jug\u00e9e encore insuffisante, de nombreux efforts et actions ont \u00e9t\u00e9 men\u00e9s sur le \u00ab terroir \u00bb de la commune des Abricots (localit\u00e9 o\u00f9 se situe le si\u00e8ge de notre partenaire) et des progr\u00e8s importants sont en cours, notamment l\u2019obtention de la certification bio d\u00e9livr\u00e9e par Ecocert \u00e0 de nombreux producteurs.<\/p>\n<h2 style=\"text-align: justify;\">Guadeloupe :<\/h2>\n<p style=\"text-align: justify;\">Avant d\u2019abandonner sa culture du cacao, la Guadeloupe produisait entre les ann\u00e9es 1900 et 1927 de 1200 \u00e0 2000 tonnes de cacao par an. Suite au passage du cyclone d\u00e9vastateur de 1928 les plantations de cacao ont c\u00e9d\u00e9 leur place \u00e0\u0300 d\u2019autres cultures plus lucratives. Aujourd\u2019hui la production en volume reste faible avec une variation de 3 \u00e0 5 Tonnes par an, destin\u00e9e \u00e0 une transformation locale essentiellement agro-touristique.<\/p>\n<p style=\"text-align: justify;\">L\u2019\u00e9co-tourisme associant la production \u00e0 la visite de sites d\u2019anciennes Habitations augmente la valeur ajout\u00e9e des produits comme le cacao, mais aussi, le caf\u00e9 et d\u00e9montrent la sup\u00e9riorit\u00e9 de certains modes de productions respectueux de l\u2019homme et de la nature.<\/p>\n<p style=\"text-align: justify;\">L\u2019enjeu reste, toutefois, la possibilit\u00e9 de s\u2019approvisionner en cacao issu du terroir guadeloup\u00e9en, car \u00e0 l\u2019heure actuelle la plupart des chocolatiers locaux, qui veulent une haute qualit\u00e9 en gamme de chocolats de couverture, s\u2019approvisionnent aupr\u00e8s de grossistes europ\u00e9ens, car le chocolat transform\u00e9 localement de fa\u00e7on traditionnelle ne permettrait pas les r\u00e9sultats qu\u2019ils obtiennent aujourd\u2019hui avec le chocolat de couverture qu\u2019ils importent.<\/p>\n<p style=\"text-align: justify;\">R\u00e9pondre \u00e0 cet enjeu suppose la ma\u00eetrise de tous les maillons de la cha\u00eene de production. L\u2019un des freins av\u00e9r\u00e9s pour les experts locaux reste les co\u00fbts de production particuli\u00e8rement \u00e9lev\u00e9s qu\u2019induit la production d\u2019un cacao haut de gamme.<\/p>\n<p style=\"text-align: justify;\">Une des pistes \u00e0 suivre serait la poursuite d\u2019exp\u00e9rimentations \u00e0 partir des exp\u00e9riences d\u00e9j\u00e0 r\u00e9alis\u00e9es localement pour la recherche et la s\u00e9lection d\u2019une ou de plusieurs vari\u00e9t\u00e9s guadeloup\u00e9ennes, afin d\u2019\u00e9viter les m\u00e9langes de vari\u00e9t\u00e9s qui pourraient diminuer la qualit\u00e9 potentielle d\u2019un cacao haut de gamme.<\/p>\n<p style=\"text-align: justify;\">Aussi, l\u2019actuelle production augment\u00e9e d\u2019un programme de renouvellement et de plantation des meilleures vari\u00e9t\u00e9s locales pourrait suffire \u00e0 la demande locale en cacao fin et aromatique. Des projets, en coop\u00e9ration avec les autres iles des Cara\u00efbes dont Ha\u00efti, pourraient aussi compl\u00e9ter ces productions locales.<\/p>\n<p style=\"text-align: justify;\">Ces projets pourraient s\u2019inscrire dans une d\u00e9marche de valorisation d\u2019emplois en insertion autour de l\u2019apprentissage des m\u00e9tiers de la gestion et de l\u2019entretien des parcelles de production notamment.<\/p>\n<p id=\"wnd_TextBlock_93536_inner_5\" style=\"text-align: justify;\"><span class=\"wnd-font-size-80\"><br \/>\n<\/span><\/p>\n","protected":false},"excerpt":{"rendered":"<p>L&rsquo;histoire du cacao dans la r\u00e9gion Cara\u00efbe La r\u00e9gion de la Cara\u00efbe englobe les \u00eeles et les r\u00e9gions continentales am\u00e9ricaines qui entourent la mer des Cara\u00efbes. Cette r\u00e9gion pauvre mais touristique a longtemps abrit\u00e9 d\u2019immenses plantations cacaoy\u00e8res et ses grands cultivateurs en raison de son climat chaud et humide. Les cacaos obtenus y \u00e9taient d\u2019ailleurs &hellip; <\/p>\n<p class=\"link-more\"><a href=\"https:\/\/recavaca.com\/index.php\/le-cacao\/\" class=\"more-link\">Continuer la lecture<span class=\"screen-reader-text\"> de &laquo;&nbsp;Le Cacao&nbsp;&raquo;<\/span><\/a><\/p>\n","protected":false},"author":2,"featured_media":610,"parent":0,"menu_order":3,"comment_status":"closed","ping_status":"closed","template":"","meta":{"spay_email":""},"yoast_head":"<!-- This site is optimized with the Yoast SEO plugin v18.1 - https:\/\/yoast.com\/wordpress\/plugins\/seo\/ -->\n<title>Le Cacao - Recavaca<\/title>\n<meta name=\"robots\" content=\"index, follow, max-snippet:-1, max-image-preview:large, max-video-preview:-1\" \/>\n<link rel=\"canonical\" href=\"https:\/\/recavaca.com\/index.php\/le-cacao\/\" \/>\n<meta property=\"og:locale\" content=\"fr_FR\" \/>\n<meta property=\"og:type\" content=\"article\" \/>\n<meta property=\"og:title\" content=\"Le Cacao - Recavaca\" \/>\n<meta property=\"og:description\" content=\"L&rsquo;histoire du cacao dans la r\u00e9gion Cara\u00efbe La r\u00e9gion de la Cara\u00efbe englobe les \u00eeles et les r\u00e9gions continentales am\u00e9ricaines qui entourent la mer des Cara\u00efbes. Cette r\u00e9gion pauvre mais touristique a longtemps abrit\u00e9 d\u2019immenses plantations cacaoy\u00e8res et ses grands cultivateurs en raison de son climat chaud et humide. Les cacaos obtenus y \u00e9taient d\u2019ailleurs &hellip; Continuer la lecture de &laquo;&nbsp;Le Cacao&nbsp;&raquo;\" \/>\n<meta property=\"og:url\" content=\"https:\/\/recavaca.com\/index.php\/le-cacao\/\" \/>\n<meta property=\"og:site_name\" content=\"Recavaca\" \/>\n<meta property=\"article:publisher\" content=\"https:\/\/www.facebook.com\/guadeloupeequitableetdurable\/\" \/>\n<meta property=\"article:modified_time\" content=\"2018-04-19T15:18:18+00:00\" \/>\n<meta property=\"og:image\" content=\"https:\/\/i0.wp.com\/recavaca.com\/wp-content\/uploads\/2018\/04\/P_20180327_091110.jpg?fit=3840%2C2160&#038;ssl=1\" \/>\n\t<meta property=\"og:image:width\" content=\"3840\" \/>\n\t<meta property=\"og:image:height\" content=\"2160\" \/>\n\t<meta property=\"og:image:type\" content=\"image\/jpeg\" \/>\n<meta name=\"twitter:card\" content=\"summary_large_image\" \/>\n<meta name=\"twitter:label1\" content=\"Dur\u00e9e de lecture estim\u00e9e\" \/>\n\t<meta name=\"twitter:data1\" content=\"6 minutes\" \/>\n<script type=\"application\/ld+json\" class=\"yoast-schema-graph\">{\"@context\":\"https:\/\/schema.org\",\"@graph\":[{\"@type\":\"WebSite\",\"@id\":\"https:\/\/recavaca.com\/#website\",\"url\":\"https:\/\/recavaca.com\/\",\"name\":\"Recavaca\",\"description\":\"R\u00e9seau Carib\u00e9en pour la Valorisation du Cacao\",\"potentialAction\":[{\"@type\":\"SearchAction\",\"target\":{\"@type\":\"EntryPoint\",\"urlTemplate\":\"https:\/\/recavaca.com\/?s={search_term_string}\"},\"query-input\":\"required name=search_term_string\"}],\"inLanguage\":\"fr-FR\"},{\"@type\":\"ImageObject\",\"@id\":\"https:\/\/recavaca.com\/index.php\/le-cacao\/#primaryimage\",\"inLanguage\":\"fr-FR\",\"url\":\"https:\/\/i0.wp.com\/recavaca.com\/wp-content\/uploads\/2018\/04\/P_20180327_091110.jpg?fit=3840%2C2160&ssl=1\",\"contentUrl\":\"https:\/\/i0.wp.com\/recavaca.com\/wp-content\/uploads\/2018\/04\/P_20180327_091110.jpg?fit=3840%2C2160&ssl=1\",\"width\":3840,\"height\":2160},{\"@type\":\"WebPage\",\"@id\":\"https:\/\/recavaca.com\/index.php\/le-cacao\/#webpage\",\"url\":\"https:\/\/recavaca.com\/index.php\/le-cacao\/\",\"name\":\"Le Cacao - Recavaca\",\"isPartOf\":{\"@id\":\"https:\/\/recavaca.com\/#website\"},\"primaryImageOfPage\":{\"@id\":\"https:\/\/recavaca.com\/index.php\/le-cacao\/#primaryimage\"},\"datePublished\":\"2018-04-01T12:41:57+00:00\",\"dateModified\":\"2018-04-19T15:18:18+00:00\",\"breadcrumb\":{\"@id\":\"https:\/\/recavaca.com\/index.php\/le-cacao\/#breadcrumb\"},\"inLanguage\":\"fr-FR\",\"potentialAction\":[{\"@type\":\"ReadAction\",\"target\":[\"https:\/\/recavaca.com\/index.php\/le-cacao\/\"]}]},{\"@type\":\"BreadcrumbList\",\"@id\":\"https:\/\/recavaca.com\/index.php\/le-cacao\/#breadcrumb\",\"itemListElement\":[{\"@type\":\"ListItem\",\"position\":1,\"name\":\"Accueil\",\"item\":\"https:\/\/recavaca.com\/\"},{\"@type\":\"ListItem\",\"position\":2,\"name\":\"Le Cacao\"}]}]}<\/script>\n<!-- \/ Yoast SEO plugin. -->","yoast_head_json":{"title":"Le Cacao - Recavaca","robots":{"index":"index","follow":"follow","max-snippet":"max-snippet:-1","max-image-preview":"max-image-preview:large","max-video-preview":"max-video-preview:-1"},"canonical":"https:\/\/recavaca.com\/index.php\/le-cacao\/","og_locale":"fr_FR","og_type":"article","og_title":"Le Cacao - Recavaca","og_description":"L&rsquo;histoire du cacao dans la r\u00e9gion Cara\u00efbe La r\u00e9gion de la Cara\u00efbe englobe les \u00eeles et les r\u00e9gions continentales am\u00e9ricaines qui entourent la mer des Cara\u00efbes. Cette r\u00e9gion pauvre mais touristique a longtemps abrit\u00e9 d\u2019immenses plantations cacaoy\u00e8res et ses grands cultivateurs en raison de son climat chaud et humide. Les cacaos obtenus y \u00e9taient d\u2019ailleurs &hellip; Continuer la lecture de &laquo;&nbsp;Le Cacao&nbsp;&raquo;","og_url":"https:\/\/recavaca.com\/index.php\/le-cacao\/","og_site_name":"Recavaca","article_publisher":"https:\/\/www.facebook.com\/guadeloupeequitableetdurable\/","article_modified_time":"2018-04-19T15:18:18+00:00","og_image":[{"width":3840,"height":2160,"url":"https:\/\/i0.wp.com\/recavaca.com\/wp-content\/uploads\/2018\/04\/P_20180327_091110.jpg?fit=3840%2C2160&ssl=1","type":"image\/jpeg"}],"twitter_card":"summary_large_image","twitter_misc":{"Dur\u00e9e de lecture estim\u00e9e":"6 minutes"},"schema":{"@context":"https:\/\/schema.org","@graph":[{"@type":"WebSite","@id":"https:\/\/recavaca.com\/#website","url":"https:\/\/recavaca.com\/","name":"Recavaca","description":"R\u00e9seau Carib\u00e9en pour la Valorisation du Cacao","potentialAction":[{"@type":"SearchAction","target":{"@type":"EntryPoint","urlTemplate":"https:\/\/recavaca.com\/?s={search_term_string}"},"query-input":"required name=search_term_string"}],"inLanguage":"fr-FR"},{"@type":"ImageObject","@id":"https:\/\/recavaca.com\/index.php\/le-cacao\/#primaryimage","inLanguage":"fr-FR","url":"https:\/\/i0.wp.com\/recavaca.com\/wp-content\/uploads\/2018\/04\/P_20180327_091110.jpg?fit=3840%2C2160&ssl=1","contentUrl":"https:\/\/i0.wp.com\/recavaca.com\/wp-content\/uploads\/2018\/04\/P_20180327_091110.jpg?fit=3840%2C2160&ssl=1","width":3840,"height":2160},{"@type":"WebPage","@id":"https:\/\/recavaca.com\/index.php\/le-cacao\/#webpage","url":"https:\/\/recavaca.com\/index.php\/le-cacao\/","name":"Le Cacao - Recavaca","isPartOf":{"@id":"https:\/\/recavaca.com\/#website"},"primaryImageOfPage":{"@id":"https:\/\/recavaca.com\/index.php\/le-cacao\/#primaryimage"},"datePublished":"2018-04-01T12:41:57+00:00","dateModified":"2018-04-19T15:18:18+00:00","breadcrumb":{"@id":"https:\/\/recavaca.com\/index.php\/le-cacao\/#breadcrumb"},"inLanguage":"fr-FR","potentialAction":[{"@type":"ReadAction","target":["https:\/\/recavaca.com\/index.php\/le-cacao\/"]}]},{"@type":"BreadcrumbList","@id":"https:\/\/recavaca.com\/index.php\/le-cacao\/#breadcrumb","itemListElement":[{"@type":"ListItem","position":1,"name":"Accueil","item":"https:\/\/recavaca.com\/"},{"@type":"ListItem","position":2,"name":"Le Cacao"}]}]}},"jetpack_sharing_enabled":false,"jetpack_shortlink":"https:\/\/wp.me\/P9QgSb-v","jetpack-related-posts":[{"id":37,"url":"https:\/\/recavaca.com\/index.php\/qui-sommes-nous\/","url_meta":{"origin":31,"position":0},"title":"Qui sommes nous ?","date":"1 avril 2018","format":false,"excerpt":"AGED- Association Guadeloupe Equitable et Durable Fond\u00e9e en Mars 2011 dans un souci de participation \u00e0 la conception d\u2019un monde \u00e9conomique, social et environnemental plus juste, notre association cherche \u00e0 promouvoir le D\u00e9veloppement Durable et le Commerce \u00c9quitable au sein de la R\u00e9gion Cara\u00efbe et notamment en Guadeloupe. Pourquoi ?\u2026","rel":"","context":"Article similaire","img":{"alt_text":"","src":"https:\/\/i0.wp.com\/recavaca.com\/wp-content\/uploads\/2018\/04\/P_20180115_125902.jpg?fit=1200%2C675&ssl=1&resize=350%2C200","width":350,"height":200},"classes":[]},{"id":9,"url":"https:\/\/recavaca.com\/","url_meta":{"origin":31,"position":1},"title":"Accueil","date":"1 avril 2018","format":false,"excerpt":"L\u2019objectif du projet de R\u00e9seau Carib\u00e9en de Valorisation du Cacao (RECAVACA) est de cr\u00e9er une dynamique autour de plusieurs acteurs de la fili\u00e8re cacao, \u00e0 l\u2019\u00e9chelle carib\u00e9enne, afin de contribuer \u00e0 la reconnaissance de plusieurs territoires en tant que pays producteurs d\u2019un cacao de qualit\u00e9, produit en volumes suffisants en\u2026","rel":"","context":"Article similaire","img":{"alt_text":"","src":"https:\/\/i0.wp.com\/recavaca.com\/wp-content\/uploads\/2019\/04\/LOGO_FONDS_EUROPEEN_GUADELOUPE_FEDER_projetcofinance-1024x226.png?resize=350%2C200&ssl=1","width":350,"height":200},"classes":[]},{"id":5,"url":"https:\/\/recavaca.com\/index.php\/recavaca\/","url_meta":{"origin":31,"position":2},"title":"Pr\u00e9sentation","date":"1 avril 2018","format":false,"excerpt":"Recavaca : un projet de coop\u00e9ration pour la valorisation du cacao Le projet Recavaca (R\u00e9seau Carib\u00e9en pour la valorisation du cacao), vise le renforcement de la diversification \u00e9conomique des territoires d\u2019Ha\u00efti et de la Guadeloupe, et plus largement de la r\u00e9gion Cara\u00efbe, par le transfert des connaissances et la commercialisation\u2026","rel":"","context":"Article similaire","img":{"alt_text":"","src":"https:\/\/i0.wp.com\/recavaca.com\/wp-content\/uploads\/2019\/04\/interreg_CARAIBES_FR_RGB-Copie.jpg?fit=1200%2C601&ssl=1&resize=350%2C200","width":350,"height":200},"classes":[]},{"id":642,"url":"https:\/\/recavaca.com\/index.php\/lancement-du-projet\/","url_meta":{"origin":31,"position":3},"title":"Lancement du Projet","date":"17 avril 2018","format":false,"excerpt":"Lancement du projet de R\u00e9seau Carib\u00e9en pour la Valorisation du Cacao Le projet de R\u00e9seau Carib\u00e9en de valorisation du cacao (RECAVACA), projet cofinanc\u00e9 par le programme INTERREG Cara\u00efbes au titre du Fonds Europ\u00e9en de D\u00e9veloppement R\u00e9gional, a \u00e9t\u00e9 lanc\u00e9 le mardi 24 octobre 2017, au si\u00e8ge du CIRAD (NeufChateau, Capesterre-Belle-Eau)\u2026","rel":"","context":"Article similaire","img":{"alt_text":"","src":"https:\/\/i0.wp.com\/recavaca.com\/wp-content\/uploads\/2018\/04\/lancement.jpg?resize=350%2C200&ssl=1","width":350,"height":200},"classes":[]},{"id":1192,"url":"https:\/\/recavaca.com\/index.php\/la-mission-jeunes-experts-aequum\/","url_meta":{"origin":31,"position":4},"title":"La MJE \u2013 AEQUUM","date":"25 mai 2018","format":false,"excerpt":"L\u2019\u00e9quipe Aequum est compos\u00e9e d\u2019\u00e9tudiants issus d\u2019une \u00e9cole d\u2019ing\u00e9nieur en agronomie et d\u00e9veloppement international (ISTOM), et a pour vocation de s\u2019int\u00e9resser aux th\u00e9matiques du commerce \u00e9quitable et solidaire dans les pays en d\u00e9veloppement. Elle est plac\u00e9e sous l\u2019\u00e9gide de l\u2019association Expert\u2019Co, qui r\u00e9alise depuis 2011 des projets de d\u00e9veloppement, dans\u2026","rel":"","context":"Article similaire","img":{"alt_text":"","src":"","width":0,"height":0},"classes":[]},{"id":1185,"url":"https:\/\/recavaca.com\/index.php\/la-region-guadeloupe\/","url_meta":{"origin":31,"position":5},"title":"La R\u00e9gion Guadeloupe","date":"25 mai 2018","format":false,"excerpt":"La r\u00e9gion Guadeloupe est l\u2019autorit\u00e9 de gestion des fonds europ\u00e9ens dont la Guadeloupe b\u00e9n\u00e9ficie pour son d\u00e9veloppement \u00e9conomique, social et culturel. Ces fonds structurels (Fonds europ\u00e9en de d\u00e9veloppement r\u00e9gional (FEDER),\u00a0Fonds social europ\u00e9en (FSE),\u00a0Fonds Europ\u00e9en Agricole pour le D\u00e9veloppement Rural (FEADER), Fonds europ\u00e9en pour les affaires maritimes et la p\u00eache\u00a0(FEAMP\u00a0) sont\u2026","rel":"","context":"Article similaire","img":{"alt_text":"","src":"","width":0,"height":0},"classes":[]}],"_links":{"self":[{"href":"https:\/\/recavaca.com\/index.php\/wp-json\/wp\/v2\/pages\/31"}],"collection":[{"href":"https:\/\/recavaca.com\/index.php\/wp-json\/wp\/v2\/pages"}],"about":[{"href":"https:\/\/recavaca.com\/index.php\/wp-json\/wp\/v2\/types\/page"}],"author":[{"embeddable":true,"href":"https:\/\/recavaca.com\/index.php\/wp-json\/wp\/v2\/users\/2"}],"replies":[{"embeddable":true,"href":"https:\/\/recavaca.com\/index.php\/wp-json\/wp\/v2\/comments?post=31"}],"version-history":[{"count":7,"href":"https:\/\/recavaca.com\/index.php\/wp-json\/wp\/v2\/pages\/31\/revisions"}],"predecessor-version":[{"id":1266,"href":"https:\/\/recavaca.com\/index.php\/wp-json\/wp\/v2\/pages\/31\/revisions\/1266"}],"wp:featuredmedia":[{"embeddable":true,"href":"https:\/\/recavaca.com\/index.php\/wp-json\/wp\/v2\/media\/610"}],"wp:attachment":[{"href":"https:\/\/recavaca.com\/index.php\/wp-json\/wp\/v2\/media?parent=31"}],"curies":[{"name":"wp","href":"https:\/\/api.w.org\/{rel}","templated":true}]}}