{"id":1203,"date":"2018-05-25T16:20:47","date_gmt":"2018-05-25T14:20:47","guid":{"rendered":"https:\/\/recavaca.com\/?page_id=1203"},"modified":"2018-05-25T16:20:47","modified_gmt":"2018-05-25T14:20:47","slug":"semla-vie","status":"publish","type":"page","link":"https:\/\/recavaca.com\/index.php\/semla-vie\/","title":{"rendered":"S\u00e8m&rsquo;la Vie"},"content":{"rendered":"<p style=\"text-align: justify;\"><a href=\"https:\/\/www.facebook.com\/S%C3%A8mla-Vie-103154466734568\/\"><img data-attachment-id=\"1204\" data-permalink=\"https:\/\/recavaca.com\/index.php\/semla-vie\/seme\/\" data-orig-file=\"https:\/\/i0.wp.com\/recavaca.com\/wp-content\/uploads\/2018\/05\/seme.jpg?fit=250%2C156&amp;ssl=1\" data-orig-size=\"250,156\" data-comments-opened=\"0\" data-image-meta=\"{&quot;aperture&quot;:&quot;0&quot;,&quot;credit&quot;:&quot;&quot;,&quot;camera&quot;:&quot;&quot;,&quot;caption&quot;:&quot;&quot;,&quot;created_timestamp&quot;:&quot;0&quot;,&quot;copyright&quot;:&quot;&quot;,&quot;focal_length&quot;:&quot;0&quot;,&quot;iso&quot;:&quot;0&quot;,&quot;shutter_speed&quot;:&quot;0&quot;,&quot;title&quot;:&quot;&quot;,&quot;orientation&quot;:&quot;0&quot;}\" data-image-title=\"seme\" data-image-description=\"\" data-image-caption=\"\" data-medium-file=\"https:\/\/i0.wp.com\/recavaca.com\/wp-content\/uploads\/2018\/05\/seme.jpg?fit=250%2C156&amp;ssl=1\" data-large-file=\"https:\/\/i0.wp.com\/recavaca.com\/wp-content\/uploads\/2018\/05\/seme.jpg?fit=250%2C156&amp;ssl=1\" loading=\"lazy\" class=\"size-full wp-image-1204 alignleft\" src=\"https:\/\/i0.wp.com\/recavaca.com\/wp-content\/uploads\/2018\/05\/seme.jpg?resize=250%2C156&#038;ssl=1\" alt=\"\" width=\"250\" height=\"156\"  data-recalc-dims=\"1\"><\/a>Membre du r\u00e9seau des agro\u00e9cologistes sans fronti\u00e8re (<a href=\"http:\/\/www.agroecologistesf.org\/\">www.agroecologistesf.org<\/a>).<\/p>\n<p style=\"text-align: justify;\">Didier Meunier est un formateur agronome, sp\u00e9cialis\u00e9 en agro\u00e9cologie. Il intervient, depuis janvier 2012, dans le d\u00e9partement de la Grand\u2019Anse pour participer au d\u00e9veloppement d\u2019une fili\u00e8re cacao de qualit\u00e9.<\/p>\n<p style=\"text-align: justify;\">Il a eu \u00e9galement l\u2019occasion de travailler sur la production de semences de plantes potag\u00e8res dans le cadre de projet d\u2019autonomie et d\u2019autosuffisance alimentaire des populations.<\/p>\n<p style=\"text-align: justify;\">A plusieurs reprises, il a dispens\u00e9 des formations dans le d\u00e9partement des Nippes et du Sud-Est d\u2019Ha\u00efti sur les th\u00e8mes de l\u2019agro\u00e9cologie. Ces diff\u00e9rentes activit\u00e9s lui ont permis d\u2019avoir une visibilit\u00e9 sur le fonctionnement, sur l\u2019organisation de la population et des structures qui les appuient.<\/p>\n<p style=\"text-align: justify;\">Ses interventions aupr\u00e8s des planteurs de cacao de la Grand\u2019 anse se sont faites \u00e0 l\u2019initiative de Jean Claude FIGNOLE, ancien pr\u00e9sident de l\u2019Association des Maires de la Grand\u2019 anse (AMAGA), tr\u00e8s engag\u00e9 pour le d\u00e9veloppement de la fili\u00e8re cacao dans la R\u00e9gion. L\u2019appui technique et la formation dispens\u00e9es aux petits producteurs par Didier MEUNIER, ont \u00e9t\u00e9 financ\u00e9es par les fonds solidaires de la Marque JEAN HERVE, qui reverse 1% de son chiffre d\u2019affaire pour des projets de d\u00e9veloppement locaux en Ha\u00efti.&nbsp;<\/p>\n<p style=\"text-align: justify;\">La formation technique dispens\u00e9e aux producteurs a permis, selon Didier Meunier de r\u00e9aliser d\u2019importants progr\u00e8s&nbsp;: taille des cacaoyers, entretien des parcelles, gestion des maladies, am\u00e9lioration du processus de fermentation des f\u00e8ves, mise en place de centres de traitement, structuration des fili\u00e8res \u2026.<\/p>\n<p style=\"text-align: justify;\">Suite \u00e0 cette d\u00e9marche, le processus de certification biologique des productions de f\u00e8ves a permis de valider le 1er Octobre 2015, la certification biologique de plus de 430 producteurs sur les 510 existants.<\/p>\n<p style=\"text-align: justify;\">&nbsp;Lors d\u2019une de ses derni\u00e8res interventions en Mars 2016, Didier Meunier, a pu notamment continuer un processus de formation technique aupr\u00e8s des petits producteurs locaux et approfondir leurs connaissances sur la taille, la r\u00e9g\u00e9n\u00e9ration des vieux arbres et aussi tracer les contours \u00e0 suivre pour envisager la certification \u00e9quitable des productions \u00e0 venir.&nbsp;<\/p>\n<p style=\"text-align: justify;\">Compte tenu de son exp\u00e9rience aupr\u00e8s de la coop\u00e9rative CACCOMA, partenaire principal du projet RECAVACA, l\u2019AGED a fait appel \u00e0 l\u2019expert agronome afin d\u2019accompagner les planteurs dans le processus de maitrise toujours plus grande des techniques pour la production d\u2019un cacao de qualit\u00e9.<\/p>\n","protected":false},"excerpt":{"rendered":"<p>Membre du r\u00e9seau des agro\u00e9cologistes sans fronti\u00e8re (www.agroecologistesf.org). Didier Meunier est un formateur agronome, sp\u00e9cialis\u00e9 en agro\u00e9cologie. Il intervient, depuis janvier 2012, dans le d\u00e9partement de la Grand\u2019Anse pour participer au d\u00e9veloppement d\u2019une fili\u00e8re cacao de qualit\u00e9. Il a eu \u00e9galement l\u2019occasion de travailler sur la production de semences de plantes potag\u00e8res dans le cadre &hellip; <\/p>\n<p class=\"link-more\"><a href=\"https:\/\/recavaca.com\/index.php\/semla-vie\/\" class=\"more-link\">Continuer la lecture<span class=\"screen-reader-text\"> de &laquo;&nbsp;S\u00e8m&rsquo;la Vie&nbsp;&raquo;<\/span><\/a><\/p>\n","protected":false},"author":3,"featured_media":0,"parent":0,"menu_order":0,"comment_status":"closed","ping_status":"closed","template":"","meta":{"spay_email":""},"yoast_head":"<!-- This site is optimized with the Yoast SEO plugin v18.1 - https:\/\/yoast.com\/wordpress\/plugins\/seo\/ -->\n<title>S\u00e8m&#039;la Vie - Recavaca<\/title>\n<meta name=\"robots\" content=\"index, follow, max-snippet:-1, max-image-preview:large, max-video-preview:-1\" \/>\n<link rel=\"canonical\" href=\"https:\/\/recavaca.com\/index.php\/semla-vie\/\" \/>\n<meta property=\"og:locale\" content=\"fr_FR\" \/>\n<meta property=\"og:type\" content=\"article\" \/>\n<meta property=\"og:title\" content=\"S\u00e8m&#039;la Vie - Recavaca\" \/>\n<meta property=\"og:description\" content=\"Membre du r\u00e9seau des agro\u00e9cologistes sans fronti\u00e8re (www.agroecologistesf.org). Didier Meunier est un formateur agronome, sp\u00e9cialis\u00e9 en agro\u00e9cologie. Il intervient, depuis janvier 2012, dans le d\u00e9partement de la Grand\u2019Anse pour participer au d\u00e9veloppement d\u2019une fili\u00e8re cacao de qualit\u00e9. Il a eu \u00e9galement l\u2019occasion de travailler sur la production de semences de plantes potag\u00e8res dans le cadre &hellip; Continuer la lecture de &laquo;&nbsp;S\u00e8m&rsquo;la Vie&nbsp;&raquo;\" \/>\n<meta property=\"og:url\" content=\"https:\/\/recavaca.com\/index.php\/semla-vie\/\" \/>\n<meta property=\"og:site_name\" content=\"Recavaca\" \/>\n<meta property=\"article:publisher\" content=\"https:\/\/www.facebook.com\/guadeloupeequitableetdurable\/\" \/>\n<meta property=\"og:image\" content=\"https:\/\/recavaca.com\/wp-content\/uploads\/2018\/05\/seme.jpg\" \/>\n<meta name=\"twitter:card\" content=\"summary_large_image\" \/>\n<meta name=\"twitter:label1\" content=\"Dur\u00e9e de lecture estim\u00e9e\" \/>\n\t<meta name=\"twitter:data1\" content=\"2 minutes\" \/>\n<script type=\"application\/ld+json\" class=\"yoast-schema-graph\">{\"@context\":\"https:\/\/schema.org\",\"@graph\":[{\"@type\":\"WebSite\",\"@id\":\"https:\/\/recavaca.com\/#website\",\"url\":\"https:\/\/recavaca.com\/\",\"name\":\"Recavaca\",\"description\":\"R\u00e9seau Carib\u00e9en pour la Valorisation du Cacao\",\"potentialAction\":[{\"@type\":\"SearchAction\",\"target\":{\"@type\":\"EntryPoint\",\"urlTemplate\":\"https:\/\/recavaca.com\/?s={search_term_string}\"},\"query-input\":\"required name=search_term_string\"}],\"inLanguage\":\"fr-FR\"},{\"@type\":\"ImageObject\",\"@id\":\"https:\/\/recavaca.com\/index.php\/semla-vie\/#primaryimage\",\"inLanguage\":\"fr-FR\",\"url\":\"https:\/\/i0.wp.com\/recavaca.com\/wp-content\/uploads\/2018\/05\/seme.jpg?fit=250%2C156&ssl=1\",\"contentUrl\":\"https:\/\/i0.wp.com\/recavaca.com\/wp-content\/uploads\/2018\/05\/seme.jpg?fit=250%2C156&ssl=1\",\"width\":250,\"height\":156},{\"@type\":\"WebPage\",\"@id\":\"https:\/\/recavaca.com\/index.php\/semla-vie\/#webpage\",\"url\":\"https:\/\/recavaca.com\/index.php\/semla-vie\/\",\"name\":\"S\u00e8m'la Vie - Recavaca\",\"isPartOf\":{\"@id\":\"https:\/\/recavaca.com\/#website\"},\"primaryImageOfPage\":{\"@id\":\"https:\/\/recavaca.com\/index.php\/semla-vie\/#primaryimage\"},\"datePublished\":\"2018-05-25T14:20:47+00:00\",\"dateModified\":\"2018-05-25T14:20:47+00:00\",\"breadcrumb\":{\"@id\":\"https:\/\/recavaca.com\/index.php\/semla-vie\/#breadcrumb\"},\"inLanguage\":\"fr-FR\",\"potentialAction\":[{\"@type\":\"ReadAction\",\"target\":[\"https:\/\/recavaca.com\/index.php\/semla-vie\/\"]}]},{\"@type\":\"BreadcrumbList\",\"@id\":\"https:\/\/recavaca.com\/index.php\/semla-vie\/#breadcrumb\",\"itemListElement\":[{\"@type\":\"ListItem\",\"position\":1,\"name\":\"Accueil\",\"item\":\"https:\/\/recavaca.com\/\"},{\"@type\":\"ListItem\",\"position\":2,\"name\":\"S\u00e8m&rsquo;la Vie\"}]}]}<\/script>\n<!-- \/ Yoast SEO plugin. -->","yoast_head_json":{"title":"S\u00e8m'la Vie - Recavaca","robots":{"index":"index","follow":"follow","max-snippet":"max-snippet:-1","max-image-preview":"max-image-preview:large","max-video-preview":"max-video-preview:-1"},"canonical":"https:\/\/recavaca.com\/index.php\/semla-vie\/","og_locale":"fr_FR","og_type":"article","og_title":"S\u00e8m'la Vie - Recavaca","og_description":"Membre du r\u00e9seau des agro\u00e9cologistes sans fronti\u00e8re (www.agroecologistesf.org). Didier Meunier est un formateur agronome, sp\u00e9cialis\u00e9 en agro\u00e9cologie. Il intervient, depuis janvier 2012, dans le d\u00e9partement de la Grand\u2019Anse pour participer au d\u00e9veloppement d\u2019une fili\u00e8re cacao de qualit\u00e9. Il a eu \u00e9galement l\u2019occasion de travailler sur la production de semences de plantes potag\u00e8res dans le cadre &hellip; Continuer la lecture de &laquo;&nbsp;S\u00e8m&rsquo;la Vie&nbsp;&raquo;","og_url":"https:\/\/recavaca.com\/index.php\/semla-vie\/","og_site_name":"Recavaca","article_publisher":"https:\/\/www.facebook.com\/guadeloupeequitableetdurable\/","og_image":[{"url":"https:\/\/recavaca.com\/wp-content\/uploads\/2018\/05\/seme.jpg"}],"twitter_card":"summary_large_image","twitter_misc":{"Dur\u00e9e de lecture estim\u00e9e":"2 minutes"},"schema":{"@context":"https:\/\/schema.org","@graph":[{"@type":"WebSite","@id":"https:\/\/recavaca.com\/#website","url":"https:\/\/recavaca.com\/","name":"Recavaca","description":"R\u00e9seau Carib\u00e9en pour la Valorisation du Cacao","potentialAction":[{"@type":"SearchAction","target":{"@type":"EntryPoint","urlTemplate":"https:\/\/recavaca.com\/?s={search_term_string}"},"query-input":"required name=search_term_string"}],"inLanguage":"fr-FR"},{"@type":"ImageObject","@id":"https:\/\/recavaca.com\/index.php\/semla-vie\/#primaryimage","inLanguage":"fr-FR","url":"https:\/\/i0.wp.com\/recavaca.com\/wp-content\/uploads\/2018\/05\/seme.jpg?fit=250%2C156&ssl=1","contentUrl":"https:\/\/i0.wp.com\/recavaca.com\/wp-content\/uploads\/2018\/05\/seme.jpg?fit=250%2C156&ssl=1","width":250,"height":156},{"@type":"WebPage","@id":"https:\/\/recavaca.com\/index.php\/semla-vie\/#webpage","url":"https:\/\/recavaca.com\/index.php\/semla-vie\/","name":"S\u00e8m'la Vie - Recavaca","isPartOf":{"@id":"https:\/\/recavaca.com\/#website"},"primaryImageOfPage":{"@id":"https:\/\/recavaca.com\/index.php\/semla-vie\/#primaryimage"},"datePublished":"2018-05-25T14:20:47+00:00","dateModified":"2018-05-25T14:20:47+00:00","breadcrumb":{"@id":"https:\/\/recavaca.com\/index.php\/semla-vie\/#breadcrumb"},"inLanguage":"fr-FR","potentialAction":[{"@type":"ReadAction","target":["https:\/\/recavaca.com\/index.php\/semla-vie\/"]}]},{"@type":"BreadcrumbList","@id":"https:\/\/recavaca.com\/index.php\/semla-vie\/#breadcrumb","itemListElement":[{"@type":"ListItem","position":1,"name":"Accueil","item":"https:\/\/recavaca.com\/"},{"@type":"ListItem","position":2,"name":"S\u00e8m&rsquo;la Vie"}]}]}},"jetpack_sharing_enabled":true,"jetpack_shortlink":"https:\/\/wp.me\/P9QgSb-jp","jetpack-related-posts":[{"id":31,"url":"https:\/\/recavaca.com\/index.php\/le-cacao\/","url_meta":{"origin":1203,"position":0},"title":"Le Cacao","date":"1 avril 2018","format":false,"excerpt":"L'histoire du cacao dans la r\u00e9gion Cara\u00efbe La r\u00e9gion de la Cara\u00efbe englobe les \u00eeles et les r\u00e9gions continentales am\u00e9ricaines qui entourent la mer des Cara\u00efbes. Cette r\u00e9gion pauvre mais touristique a longtemps abrit\u00e9 d\u2019immenses plantations cacaoy\u00e8res et ses grands cultivateurs en raison de son climat chaud et humide. Les\u2026","rel":"","context":"Article similaire","img":{"alt_text":"","src":"https:\/\/i0.wp.com\/recavaca.com\/wp-content\/uploads\/2018\/04\/P_20180327_091110.jpg?fit=1200%2C675&ssl=1&resize=350%2C200","width":350,"height":200},"classes":[]},{"id":35,"url":"https:\/\/recavaca.com\/index.php\/certification-et-labels\/","url_meta":{"origin":1203,"position":1},"title":"Certification et Labels","date":"1 avril 2018","format":false,"excerpt":"C'est quoi un label ? \u00a0 \u00a0 \u00a0 \u00a0Avant tout, le label quel que soit le secteur (bio, \u00e9quitable, ISO 9001...) est une garantie des caract\u00e9ristiques relatives \u00e0 la production ou \u00e0 la composition d'un produit destin\u00e9 \u00e0 la vente. En somme, le label, dont le logo est appos\u00e9 sur\u2026","rel":"","context":"Article similaire","img":{"alt_text":"labelsequi107","src":"https:\/\/i0.wp.com\/recavaca.com\/wp-content\/uploads\/2018\/04\/labelsequi107.png?resize=350%2C200","width":350,"height":200},"classes":[]},{"id":9,"url":"https:\/\/recavaca.com\/","url_meta":{"origin":1203,"position":2},"title":"Accueil","date":"1 avril 2018","format":false,"excerpt":"L\u2019objectif du projet de R\u00e9seau Carib\u00e9en de Valorisation du Cacao (RECAVACA) est de cr\u00e9er une dynamique autour de plusieurs acteurs de la fili\u00e8re cacao, \u00e0 l\u2019\u00e9chelle carib\u00e9enne, afin de contribuer \u00e0 la reconnaissance de plusieurs territoires en tant que pays producteurs d\u2019un cacao de qualit\u00e9, produit en volumes suffisants en\u2026","rel":"","context":"Article similaire","img":{"alt_text":"","src":"https:\/\/i0.wp.com\/recavaca.com\/wp-content\/uploads\/2019\/04\/LOGO_FONDS_EUROPEEN_GUADELOUPE_FEDER_projetcofinance-1024x226.png?resize=350%2C200&ssl=1","width":350,"height":200},"classes":[]},{"id":37,"url":"https:\/\/recavaca.com\/index.php\/qui-sommes-nous\/","url_meta":{"origin":1203,"position":3},"title":"Qui sommes nous ?","date":"1 avril 2018","format":false,"excerpt":"AGED- Association Guadeloupe Equitable et Durable Fond\u00e9e en Mars 2011 dans un souci de participation \u00e0 la conception d\u2019un monde \u00e9conomique, social et environnemental plus juste, notre association cherche \u00e0 promouvoir le D\u00e9veloppement Durable et le Commerce \u00c9quitable au sein de la R\u00e9gion Cara\u00efbe et notamment en Guadeloupe. Pourquoi ?\u2026","rel":"","context":"Article similaire","img":{"alt_text":"","src":"https:\/\/i0.wp.com\/recavaca.com\/wp-content\/uploads\/2018\/04\/P_20180115_125902.jpg?fit=1200%2C675&ssl=1&resize=350%2C200","width":350,"height":200},"classes":[]},{"id":1207,"url":"https:\/\/recavaca.com\/index.php\/le-programme-operationnel-interreg-caraibes-2014-2020\/","url_meta":{"origin":1203,"position":4},"title":"Le Programme INTERREG Cara\u00efbes","date":"25 mai 2018","format":false,"excerpt":"Le Programme Op\u00e9rationnel INTERREG Cara\u00efbes 2014-2020 s\u2019inscrit dans le cadre de la coop\u00e9ration territoriale europ\u00e9enne 2014-2020, et \u00e0 ce titre contribue \u00e0 la mise en \u0153uvre de la strat\u00e9gie Europe 2020 qui a pour ambition de promouvoir un d\u00e9veloppement harmonieux de l\u2019espace Cara\u00efbe en faveur d\u2019une croissance intelligente, durable et\u2026","rel":"","context":"Article similaire","img":{"alt_text":"","src":"https:\/\/i0.wp.com\/recavaca.com\/wp-content\/uploads\/2018\/04\/AMI-Interreg-Caraibes.jpg?resize=350%2C200","width":350,"height":200},"classes":[]},{"id":33,"url":"https:\/\/recavaca.com\/index.php\/le-commerce-equitable\/","url_meta":{"origin":1203,"position":5},"title":"Le Commerce Equitable","date":"1 avril 2018","format":false,"excerpt":"Depuis quand ? O\u00f9 ? Dans quel but ? \u00a0 \u00a0 \u00a0 \u00a0Les premiers projets de commerce \u00e9quitable se d\u00e9veloppent dans les ann\u00e9es 40, aux Etats-Unis, puis, quelques ann\u00e9es plus tard en Europe, dans un souci de contribuer au bien-\u00eatre et au d\u00e9veloppement des pays les plus pauvres. Mais ce\u2026","rel":"","context":"Article similaire","img":{"alt_text":"","src":"https:\/\/i0.wp.com\/recavaca.com\/wp-content\/uploads\/2018\/04\/22326449230_6cf30a4fc6_o.jpg?resize=350%2C200","width":350,"height":200},"classes":[]}],"_links":{"self":[{"href":"https:\/\/recavaca.com\/index.php\/wp-json\/wp\/v2\/pages\/1203"}],"collection":[{"href":"https:\/\/recavaca.com\/index.php\/wp-json\/wp\/v2\/pages"}],"about":[{"href":"https:\/\/recavaca.com\/index.php\/wp-json\/wp\/v2\/types\/page"}],"author":[{"embeddable":true,"href":"https:\/\/recavaca.com\/index.php\/wp-json\/wp\/v2\/users\/3"}],"replies":[{"embeddable":true,"href":"https:\/\/recavaca.com\/index.php\/wp-json\/wp\/v2\/comments?post=1203"}],"version-history":[{"count":2,"href":"https:\/\/recavaca.com\/index.php\/wp-json\/wp\/v2\/pages\/1203\/revisions"}],"predecessor-version":[{"id":1206,"href":"https:\/\/recavaca.com\/index.php\/wp-json\/wp\/v2\/pages\/1203\/revisions\/1206"}],"wp:attachment":[{"href":"https:\/\/recavaca.com\/index.php\/wp-json\/wp\/v2\/media?parent=1203"}],"curies":[{"name":"wp","href":"https:\/\/api.w.org\/{rel}","templated":true}]}}