{"id":1165,"date":"2018-05-25T15:57:19","date_gmt":"2018-05-25T13:57:19","guid":{"rendered":"https:\/\/recavaca.com\/?page_id=1165"},"modified":"2018-05-28T17:19:44","modified_gmt":"2018-05-28T15:19:44","slug":"le-syndicat-agricole-des-planteurs-de-cafe-et-de-cacao-de-guadeloupe","status":"publish","type":"page","link":"https:\/\/recavaca.com\/index.php\/le-syndicat-agricole-des-planteurs-de-cafe-et-de-cacao-de-guadeloupe\/","title":{"rendered":"La SAPCAV"},"content":{"rendered":"<p><a href=\"https:\/\/www.facebook.com\/sapcaf\/\"><img data-attachment-id=\"503\" data-permalink=\"https:\/\/recavaca.com\/?attachment_id=503\" data-orig-file=\"https:\/\/i0.wp.com\/recavaca.com\/wp-content\/uploads\/2018\/04\/sapcaf-1.png?fit=618%2C618&amp;ssl=1\" data-orig-size=\"618,618\" data-comments-opened=\"0\" data-image-meta=\"{&quot;aperture&quot;:&quot;0&quot;,&quot;credit&quot;:&quot;&quot;,&quot;camera&quot;:&quot;&quot;,&quot;caption&quot;:&quot;&quot;,&quot;created_timestamp&quot;:&quot;0&quot;,&quot;copyright&quot;:&quot;&quot;,&quot;focal_length&quot;:&quot;0&quot;,&quot;iso&quot;:&quot;0&quot;,&quot;shutter_speed&quot;:&quot;0&quot;,&quot;title&quot;:&quot;&quot;,&quot;orientation&quot;:&quot;0&quot;}\" data-image-title=\"sapcaf\" data-image-description=\"\" data-image-caption=\"\" data-medium-file=\"https:\/\/i0.wp.com\/recavaca.com\/wp-content\/uploads\/2018\/04\/sapcaf-1.png?fit=300%2C300&amp;ssl=1\" data-large-file=\"https:\/\/i0.wp.com\/recavaca.com\/wp-content\/uploads\/2018\/04\/sapcaf-1.png?fit=525%2C525&amp;ssl=1\" loading=\"lazy\" class=\"wp-image-503 size-thumbnail alignleft\" src=\"https:\/\/i0.wp.com\/recavaca.com\/wp-content\/uploads\/2018\/04\/sapcaf-1-150x150.png?resize=150%2C150\" alt=\"\" width=\"150\" height=\"150\" srcset=\"https:\/\/i0.wp.com\/recavaca.com\/wp-content\/uploads\/2018\/04\/sapcaf-1.png?resize=150%2C150&amp;ssl=1 150w, https:\/\/i0.wp.com\/recavaca.com\/wp-content\/uploads\/2018\/04\/sapcaf-1.png?resize=300%2C300&amp;ssl=1 300w, https:\/\/i0.wp.com\/recavaca.com\/wp-content\/uploads\/2018\/04\/sapcaf-1.png?resize=100%2C100&amp;ssl=1 100w, https:\/\/i0.wp.com\/recavaca.com\/wp-content\/uploads\/2018\/04\/sapcaf-1.png?w=618&amp;ssl=1 618w\" sizes=\"(max-width: 150px) 100vw, 150px\" data-recalc-dims=\"1\" \/><\/a><\/p>\n<p style=\"text-align: justify;\">Le Syndicat Agricole des planteurs de caf\u00e9, cacao et vanille de Guadeloupe (ou SAPCAV, anciennement SAPCAF), est une Association syndicale professionnelle de loi 1884. Le syndicat a choisi d&rsquo;adopter une d\u00e9marche durable pour ses adh\u00e9rents. Il a \u00e9t\u00e9 cr\u00e9\u00e9 en mai 2017 et compte \u00e0 ce jour 25 adh\u00e9rents repr\u00e9sentant une surface de 60 hectares de caf\u00e9 plant\u00e9. Il a pour objectif de d\u00e9velopper les fili\u00e8res agroforesti\u00e8res en Guadeloupe et notamment le caf\u00e9 et cacao.<\/p>\n<p style=\"text-align: justify;\">De plus, la SAPCAV s&rsquo;engage \u00e0 rentrer dans un&nbsp;Groupement d\u2019Int\u00e9r\u00eat Economique et Environnemental&nbsp;&nbsp;avec 10 exploitants adh\u00e9rents pour un total d&rsquo;environ 70 ha.&nbsp;Le projet a pour objectif global de structurer et de d\u00e9velopper la production de caf\u00e9 de Guadeloupe, en s&rsquo;appuyant et en pr\u00e9servant les modes de production traditionnels, \u00e0 savoir les syst\u00e8mes agroforestiers, tout en assurant et en promouvant la tr\u00e8s haute qualit\u00e9 de ce produit.&nbsp;<\/p>\n<p style=\"text-align: justify;\">Le syndicat a pour vocation d&rsquo;aider techniquement et administrativement les planteurs adh\u00e9rents. Il permet d&rsquo;avoir acc\u00e8s au r\u00e9seau des diff\u00e9rents partenaires et financeurs.<\/p>\n<p>Ses activit\u00e9s se d\u00e9clinent en trois grands volet :<\/p>\n<ul class=\"ili-indent\">\n<li>Accompagnement technique des adh\u00e9rents ;<\/li>\n<li>Aide \u00e0 la valorisation des cultures historiques de caf\u00e9 et cacao ;<\/li>\n<li>Mise en place de sessions de formation.<\/li>\n<\/ul>\n","protected":false},"excerpt":{"rendered":"<p>Le Syndicat Agricole des planteurs de caf\u00e9, cacao et vanille de Guadeloupe (ou SAPCAV, anciennement SAPCAF), est une Association syndicale professionnelle de loi 1884. Le syndicat a choisi d&rsquo;adopter une d\u00e9marche durable pour ses adh\u00e9rents. Il a \u00e9t\u00e9 cr\u00e9\u00e9 en mai 2017 et compte \u00e0 ce jour 25 adh\u00e9rents repr\u00e9sentant une surface de 60 hectares &hellip; <\/p>\n<p class=\"link-more\"><a href=\"https:\/\/recavaca.com\/index.php\/le-syndicat-agricole-des-planteurs-de-cafe-et-de-cacao-de-guadeloupe\/\" class=\"more-link\">Continuer la lecture<span class=\"screen-reader-text\"> de &laquo;&nbsp;La SAPCAV&nbsp;&raquo;<\/span><\/a><\/p>\n","protected":false},"author":3,"featured_media":0,"parent":0,"menu_order":0,"comment_status":"closed","ping_status":"closed","template":"","meta":{"spay_email":""},"yoast_head":"<!-- This site is optimized with the Yoast SEO plugin v18.1 - https:\/\/yoast.com\/wordpress\/plugins\/seo\/ -->\n<title>La SAPCAV - Recavaca<\/title>\n<meta name=\"robots\" content=\"index, follow, max-snippet:-1, max-image-preview:large, max-video-preview:-1\" \/>\n<link rel=\"canonical\" href=\"https:\/\/recavaca.com\/index.php\/le-syndicat-agricole-des-planteurs-de-cafe-et-de-cacao-de-guadeloupe\/\" \/>\n<meta property=\"og:locale\" content=\"fr_FR\" \/>\n<meta property=\"og:type\" content=\"article\" \/>\n<meta property=\"og:title\" content=\"La SAPCAV - Recavaca\" \/>\n<meta property=\"og:description\" content=\"Le Syndicat Agricole des planteurs de caf\u00e9, cacao et vanille de Guadeloupe (ou SAPCAV, anciennement SAPCAF), est une Association syndicale professionnelle de loi 1884. Le syndicat a choisi d&rsquo;adopter une d\u00e9marche durable pour ses adh\u00e9rents. Il a \u00e9t\u00e9 cr\u00e9\u00e9 en mai 2017 et compte \u00e0 ce jour 25 adh\u00e9rents repr\u00e9sentant une surface de 60 hectares &hellip; Continuer la lecture de &laquo;&nbsp;La SAPCAV&nbsp;&raquo;\" \/>\n<meta property=\"og:url\" content=\"https:\/\/recavaca.com\/index.php\/le-syndicat-agricole-des-planteurs-de-cafe-et-de-cacao-de-guadeloupe\/\" \/>\n<meta property=\"og:site_name\" content=\"Recavaca\" \/>\n<meta property=\"article:publisher\" content=\"https:\/\/www.facebook.com\/guadeloupeequitableetdurable\/\" \/>\n<meta property=\"article:modified_time\" content=\"2018-05-28T15:19:44+00:00\" \/>\n<meta property=\"og:image\" content=\"http:\/\/recavaca.com\/wp-content\/uploads\/2018\/04\/sapcaf-1-150x150.png\" \/>\n<meta name=\"twitter:card\" content=\"summary_large_image\" \/>\n<meta name=\"twitter:label1\" content=\"Dur\u00e9e de lecture estim\u00e9e\" \/>\n\t<meta name=\"twitter:data1\" content=\"1 minute\" \/>\n<script type=\"application\/ld+json\" class=\"yoast-schema-graph\">{\"@context\":\"https:\/\/schema.org\",\"@graph\":[{\"@type\":\"WebSite\",\"@id\":\"https:\/\/recavaca.com\/#website\",\"url\":\"https:\/\/recavaca.com\/\",\"name\":\"Recavaca\",\"description\":\"R\u00e9seau Carib\u00e9en pour la Valorisation du Cacao\",\"potentialAction\":[{\"@type\":\"SearchAction\",\"target\":{\"@type\":\"EntryPoint\",\"urlTemplate\":\"https:\/\/recavaca.com\/?s={search_term_string}\"},\"query-input\":\"required name=search_term_string\"}],\"inLanguage\":\"fr-FR\"},{\"@type\":\"ImageObject\",\"@id\":\"https:\/\/recavaca.com\/index.php\/le-syndicat-agricole-des-planteurs-de-cafe-et-de-cacao-de-guadeloupe\/#primaryimage\",\"inLanguage\":\"fr-FR\",\"url\":\"http:\/\/recavaca.com\/wp-content\/uploads\/2018\/04\/sapcaf-1-150x150.png\",\"contentUrl\":\"http:\/\/recavaca.com\/wp-content\/uploads\/2018\/04\/sapcaf-1-150x150.png\"},{\"@type\":\"WebPage\",\"@id\":\"https:\/\/recavaca.com\/index.php\/le-syndicat-agricole-des-planteurs-de-cafe-et-de-cacao-de-guadeloupe\/#webpage\",\"url\":\"https:\/\/recavaca.com\/index.php\/le-syndicat-agricole-des-planteurs-de-cafe-et-de-cacao-de-guadeloupe\/\",\"name\":\"La SAPCAV - Recavaca\",\"isPartOf\":{\"@id\":\"https:\/\/recavaca.com\/#website\"},\"primaryImageOfPage\":{\"@id\":\"https:\/\/recavaca.com\/index.php\/le-syndicat-agricole-des-planteurs-de-cafe-et-de-cacao-de-guadeloupe\/#primaryimage\"},\"datePublished\":\"2018-05-25T13:57:19+00:00\",\"dateModified\":\"2018-05-28T15:19:44+00:00\",\"breadcrumb\":{\"@id\":\"https:\/\/recavaca.com\/index.php\/le-syndicat-agricole-des-planteurs-de-cafe-et-de-cacao-de-guadeloupe\/#breadcrumb\"},\"inLanguage\":\"fr-FR\",\"potentialAction\":[{\"@type\":\"ReadAction\",\"target\":[\"https:\/\/recavaca.com\/index.php\/le-syndicat-agricole-des-planteurs-de-cafe-et-de-cacao-de-guadeloupe\/\"]}]},{\"@type\":\"BreadcrumbList\",\"@id\":\"https:\/\/recavaca.com\/index.php\/le-syndicat-agricole-des-planteurs-de-cafe-et-de-cacao-de-guadeloupe\/#breadcrumb\",\"itemListElement\":[{\"@type\":\"ListItem\",\"position\":1,\"name\":\"Accueil\",\"item\":\"https:\/\/recavaca.com\/\"},{\"@type\":\"ListItem\",\"position\":2,\"name\":\"La SAPCAV\"}]}]}<\/script>\n<!-- \/ Yoast SEO plugin. -->","yoast_head_json":{"title":"La SAPCAV - Recavaca","robots":{"index":"index","follow":"follow","max-snippet":"max-snippet:-1","max-image-preview":"max-image-preview:large","max-video-preview":"max-video-preview:-1"},"canonical":"https:\/\/recavaca.com\/index.php\/le-syndicat-agricole-des-planteurs-de-cafe-et-de-cacao-de-guadeloupe\/","og_locale":"fr_FR","og_type":"article","og_title":"La SAPCAV - Recavaca","og_description":"Le Syndicat Agricole des planteurs de caf\u00e9, cacao et vanille de Guadeloupe (ou SAPCAV, anciennement SAPCAF), est une Association syndicale professionnelle de loi 1884. Le syndicat a choisi d&rsquo;adopter une d\u00e9marche durable pour ses adh\u00e9rents. Il a \u00e9t\u00e9 cr\u00e9\u00e9 en mai 2017 et compte \u00e0 ce jour 25 adh\u00e9rents repr\u00e9sentant une surface de 60 hectares &hellip; Continuer la lecture de &laquo;&nbsp;La SAPCAV&nbsp;&raquo;","og_url":"https:\/\/recavaca.com\/index.php\/le-syndicat-agricole-des-planteurs-de-cafe-et-de-cacao-de-guadeloupe\/","og_site_name":"Recavaca","article_publisher":"https:\/\/www.facebook.com\/guadeloupeequitableetdurable\/","article_modified_time":"2018-05-28T15:19:44+00:00","og_image":[{"url":"http:\/\/recavaca.com\/wp-content\/uploads\/2018\/04\/sapcaf-1-150x150.png"}],"twitter_card":"summary_large_image","twitter_misc":{"Dur\u00e9e de lecture estim\u00e9e":"1 minute"},"schema":{"@context":"https:\/\/schema.org","@graph":[{"@type":"WebSite","@id":"https:\/\/recavaca.com\/#website","url":"https:\/\/recavaca.com\/","name":"Recavaca","description":"R\u00e9seau Carib\u00e9en pour la Valorisation du Cacao","potentialAction":[{"@type":"SearchAction","target":{"@type":"EntryPoint","urlTemplate":"https:\/\/recavaca.com\/?s={search_term_string}"},"query-input":"required name=search_term_string"}],"inLanguage":"fr-FR"},{"@type":"ImageObject","@id":"https:\/\/recavaca.com\/index.php\/le-syndicat-agricole-des-planteurs-de-cafe-et-de-cacao-de-guadeloupe\/#primaryimage","inLanguage":"fr-FR","url":"http:\/\/recavaca.com\/wp-content\/uploads\/2018\/04\/sapcaf-1-150x150.png","contentUrl":"http:\/\/recavaca.com\/wp-content\/uploads\/2018\/04\/sapcaf-1-150x150.png"},{"@type":"WebPage","@id":"https:\/\/recavaca.com\/index.php\/le-syndicat-agricole-des-planteurs-de-cafe-et-de-cacao-de-guadeloupe\/#webpage","url":"https:\/\/recavaca.com\/index.php\/le-syndicat-agricole-des-planteurs-de-cafe-et-de-cacao-de-guadeloupe\/","name":"La SAPCAV - Recavaca","isPartOf":{"@id":"https:\/\/recavaca.com\/#website"},"primaryImageOfPage":{"@id":"https:\/\/recavaca.com\/index.php\/le-syndicat-agricole-des-planteurs-de-cafe-et-de-cacao-de-guadeloupe\/#primaryimage"},"datePublished":"2018-05-25T13:57:19+00:00","dateModified":"2018-05-28T15:19:44+00:00","breadcrumb":{"@id":"https:\/\/recavaca.com\/index.php\/le-syndicat-agricole-des-planteurs-de-cafe-et-de-cacao-de-guadeloupe\/#breadcrumb"},"inLanguage":"fr-FR","potentialAction":[{"@type":"ReadAction","target":["https:\/\/recavaca.com\/index.php\/le-syndicat-agricole-des-planteurs-de-cafe-et-de-cacao-de-guadeloupe\/"]}]},{"@type":"BreadcrumbList","@id":"https:\/\/recavaca.com\/index.php\/le-syndicat-agricole-des-planteurs-de-cafe-et-de-cacao-de-guadeloupe\/#breadcrumb","itemListElement":[{"@type":"ListItem","position":1,"name":"Accueil","item":"https:\/\/recavaca.com\/"},{"@type":"ListItem","position":2,"name":"La SAPCAV"}]}]}},"jetpack_sharing_enabled":true,"jetpack_shortlink":"https:\/\/wp.me\/P9QgSb-iN","jetpack-related-posts":[{"id":642,"url":"https:\/\/recavaca.com\/index.php\/lancement-du-projet\/","url_meta":{"origin":1165,"position":0},"title":"Lancement du Projet","date":"17 avril 2018","format":false,"excerpt":"Lancement du projet de R\u00e9seau Carib\u00e9en pour la Valorisation du Cacao Le projet de R\u00e9seau Carib\u00e9en de valorisation du cacao (RECAVACA), projet cofinanc\u00e9 par le programme INTERREG Cara\u00efbes au titre du Fonds Europ\u00e9en de D\u00e9veloppement R\u00e9gional, a \u00e9t\u00e9 lanc\u00e9 le mardi 24 octobre 2017, au si\u00e8ge du CIRAD (NeufChateau, Capesterre-Belle-Eau)\u2026","rel":"","context":"Article similaire","img":{"alt_text":"","src":"https:\/\/i0.wp.com\/recavaca.com\/wp-content\/uploads\/2018\/04\/lancement.jpg?resize=350%2C200&ssl=1","width":350,"height":200},"classes":[]},{"id":1164,"url":"https:\/\/recavaca.com\/index.php\/lassofwi\/","url_meta":{"origin":1165,"position":1},"title":"L&rsquo;Assofwi","date":"25 mai 2018","format":false,"excerpt":"L'Assofwi est une association loi 1901\u00a0 situ\u00e9e sur la c\u00f4te sous le vent de la Guadeloupe \u00e0 Vieux Habitants. Cr\u00e9\u00e9e en 2003, elle compte en 2018 50 producteurs adh\u00e9rents r\u00e9partis sur toute la Guadeloupe repr\u00e9sentant une surface d'environ 250 ha plant\u00e9 en diversification v\u00e9g\u00e9tale, principalement arboriculture et mara\u00eechage. Elle est\u2026","rel":"","context":"Article similaire","img":{"alt_text":"","src":"","width":0,"height":0},"classes":[]},{"id":31,"url":"https:\/\/recavaca.com\/index.php\/le-cacao\/","url_meta":{"origin":1165,"position":2},"title":"Le Cacao","date":"1 avril 2018","format":false,"excerpt":"L'histoire du cacao dans la r\u00e9gion Cara\u00efbe La r\u00e9gion de la Cara\u00efbe englobe les \u00eeles et les r\u00e9gions continentales am\u00e9ricaines qui entourent la mer des Cara\u00efbes. Cette r\u00e9gion pauvre mais touristique a longtemps abrit\u00e9 d\u2019immenses plantations cacaoy\u00e8res et ses grands cultivateurs en raison de son climat chaud et humide. Les\u2026","rel":"","context":"Article similaire","img":{"alt_text":"","src":"https:\/\/i0.wp.com\/recavaca.com\/wp-content\/uploads\/2018\/04\/P_20180327_091110.jpg?fit=1200%2C675&ssl=1&resize=350%2C200","width":350,"height":200},"classes":[]},{"id":5,"url":"https:\/\/recavaca.com\/index.php\/recavaca\/","url_meta":{"origin":1165,"position":3},"title":"Pr\u00e9sentation","date":"1 avril 2018","format":false,"excerpt":"Recavaca : un projet de coop\u00e9ration pour la valorisation du cacao Le projet Recavaca (R\u00e9seau Carib\u00e9en pour la valorisation du cacao), vise le renforcement de la diversification \u00e9conomique des territoires d\u2019Ha\u00efti et de la Guadeloupe, et plus largement de la r\u00e9gion Cara\u00efbe, par le transfert des connaissances et la commercialisation\u2026","rel":"","context":"Article similaire","img":{"alt_text":"","src":"https:\/\/i0.wp.com\/recavaca.com\/wp-content\/uploads\/2019\/04\/interreg_CARAIBES_FR_RGB-Copie.jpg?fit=1200%2C601&ssl=1&resize=350%2C200","width":350,"height":200},"classes":[]},{"id":1192,"url":"https:\/\/recavaca.com\/index.php\/la-mission-jeunes-experts-aequum\/","url_meta":{"origin":1165,"position":4},"title":"La MJE \u2013 AEQUUM","date":"25 mai 2018","format":false,"excerpt":"L\u2019\u00e9quipe Aequum est compos\u00e9e d\u2019\u00e9tudiants issus d\u2019une \u00e9cole d\u2019ing\u00e9nieur en agronomie et d\u00e9veloppement international (ISTOM), et a pour vocation de s\u2019int\u00e9resser aux th\u00e9matiques du commerce \u00e9quitable et solidaire dans les pays en d\u00e9veloppement. Elle est plac\u00e9e sous l\u2019\u00e9gide de l\u2019association Expert\u2019Co, qui r\u00e9alise depuis 2011 des projets de d\u00e9veloppement, dans\u2026","rel":"","context":"Article similaire","img":{"alt_text":"","src":"","width":0,"height":0},"classes":[]},{"id":1194,"url":"https:\/\/recavaca.com\/index.php\/linstitut-universitaire-de-technologie-de-guadeloupe\/","url_meta":{"origin":1165,"position":5},"title":"L\u2019IUT de Guadeloupe","date":"25 mai 2018","format":false,"excerpt":"L\u2019Institut Universitaire et Technologique (IUT) de la Guadeloupe est situ\u00e9 sur le campus du Camp Jacob de Saint-Claude. L\u2019IUT propose de pr\u00e9parer un Dipl\u00f4me Universitaire et Technologique (DUT) dans les domaines suivants\u00a0: \u00a0G\u00e9nie Biologique, Gestion des Entreprises et des Administrations, M\u00e9tiers des Multim\u00e9dias et le l\u2019Internet, Carri\u00e8res sociales\u00a0; on peut\u2026","rel":"","context":"Article similaire","img":{"alt_text":"","src":"","width":0,"height":0},"classes":[]}],"_links":{"self":[{"href":"https:\/\/recavaca.com\/index.php\/wp-json\/wp\/v2\/pages\/1165"}],"collection":[{"href":"https:\/\/recavaca.com\/index.php\/wp-json\/wp\/v2\/pages"}],"about":[{"href":"https:\/\/recavaca.com\/index.php\/wp-json\/wp\/v2\/types\/page"}],"author":[{"embeddable":true,"href":"https:\/\/recavaca.com\/index.php\/wp-json\/wp\/v2\/users\/3"}],"replies":[{"embeddable":true,"href":"https:\/\/recavaca.com\/index.php\/wp-json\/wp\/v2\/comments?post=1165"}],"version-history":[{"count":5,"href":"https:\/\/recavaca.com\/index.php\/wp-json\/wp\/v2\/pages\/1165\/revisions"}],"predecessor-version":[{"id":1245,"href":"https:\/\/recavaca.com\/index.php\/wp-json\/wp\/v2\/pages\/1165\/revisions\/1245"}],"wp:attachment":[{"href":"https:\/\/recavaca.com\/index.php\/wp-json\/wp\/v2\/media?parent=1165"}],"curies":[{"name":"wp","href":"https:\/\/api.w.org\/{rel}","templated":true}]}}