{"id":1129,"date":"2018-05-24T21:08:27","date_gmt":"2018-05-24T19:08:27","guid":{"rendered":"https:\/\/recavaca.com\/?page_id=1129"},"modified":"2018-05-24T21:08:27","modified_gmt":"2018-05-24T19:08:27","slug":"reports-articles","status":"publish","type":"page","link":"https:\/\/recavaca.com\/index.php\/en\/reports-articles\/","title":{"rendered":"Reports &#038; Articles"},"content":{"rendered":"<p>Most of the documents are in french.<\/p>\n<!-- Beginning of Link Library Output --><div id='linklist1' class='linklist'><!-- Div Linklist -->\n<div class=\"LinkLibraryCat LinkLibraryCat65 level0\"><!-- Div Category --><div id=\"on-parle-de-nous\"><!-- Div Category Name --><div class=\"linklistcatname\"><!-- Div Cat Name --><span class=\"linklistcatclass\">On parle de nous<\/span><\/div><!-- DivOrHeader --><\/div><!-- Div Category Name -->\n\t<ul>\n<li><a href=\"http:\/\/www.guadeloupe.franceantilles.mobi\/actualite\/economie\/a-quand-un-chocolat-100-guadeloupeen-457692.php\" id=\"link-1413\" class=\"track_this_link \" rel=\"noopener noreferrer\">\u00c0 quand un chocolat 100% guadeloup\u00e9en ?<\/a><\/li>\n<li><a href=\"http:\/\/www.guadeloupe.franceantilles.mobi\/actualite\/economie\/a-quand-un-chocolat-100-guadeloupeen-457692.php\" id=\"link-1414\" class=\"track_this_link \" rel=\"noopener noreferrer\">\u00c0 quand un chocolat 100% guadeloup\u00e9en ?<\/a><\/li>\n<li><a href=\"https:\/\/antilles-guyane.cirad.fr\/actualites\/2017\/reseau-caribeen-de-valorisation-du-cacao\" id=\"link-1415\" class=\"track_this_link \" rel=\"noopener noreferrer\">Coup d&#039;envoi d&#039;un r\u00e9seau carib\u00e9en de valorisation du cacao<\/a><\/li>\n<li><a href=\"https:\/\/antilles-guyane.cirad.fr\/actualites\/2017\/reseau-caribeen-de-valorisation-du-cacao\" id=\"link-1416\" class=\"track_this_link \" rel=\"noopener noreferrer\">Coup d&#039;envoi d&#039;un r\u00e9seau carib\u00e9en de valorisation du cacao<\/a><\/li>\n<li><a href=\"http:\/\/made-in-ess.blogspot.com\/2017\/09\/filieres-caraibes-de-cacao-bio.html\" id=\"link-1407\" class=\"track_this_link \" rel=\"noopener noreferrer\">Fili\u00e8res Cara\u00efbes de Cacao Bio \u00e9quitable<\/a><\/li>\n<li><a href=\"http:\/\/made-in-ess.blogspot.com\/2017\/09\/filieres-caraibes-de-cacao-bio.html\" id=\"link-1408\" class=\"track_this_link \" rel=\"noopener noreferrer\">Fili\u00e8res Cara\u00efbes de Cacao Bio \u00e9quitable<\/a><\/li>\n<li><a href=\"http:\/\/www.guadeloupe.franceantilles.mobi\/actualite\/economie\/un-foisonnement-de-projets-soutenus-par-interreg-caraibes-433944.php\" id=\"link-1419\" class=\"track_this_link \" rel=\"noopener noreferrer\">Un foisonnement de projets soutenus par Interreg Cara\u00efbes<\/a><\/li>\n<li><a href=\"http:\/\/www.guadeloupe.franceantilles.mobi\/actualite\/economie\/un-foisonnement-de-projets-soutenus-par-interreg-caraibes-433944.php\" id=\"link-1420\" class=\"track_this_link \" rel=\"noopener noreferrer\">Un foisonnement de projets soutenus par Interreg Cara\u00efbes<\/a><\/li>\n<li><a href=\"https:\/\/www.rci.fm\/infos\/caraibes\/un-nouveau-souffle-pour-la-filiere-cacao\" id=\"link-1417\" class=\"track_this_link \" rel=\"noopener noreferrer\">Un nouveau souffle pour la fili\u00e8re cacao &#8211; RCI<\/a><\/li>\n<li><a href=\"https:\/\/www.rci.fm\/infos\/caraibes\/un-nouveau-souffle-pour-la-filiere-cacao\" id=\"link-1418\" class=\"track_this_link \" rel=\"noopener noreferrer\">Un nouveau souffle pour la fili\u00e8re cacao &#8211; RCI<\/a><\/li>\n\t<\/ul>\n<\/div><!-- Div End Category -->\n<div class=\"LinkLibraryCat LinkLibraryCat64 level0\"><!-- Div Category --><div id=\"rapports-et-comptes-rendus\"><!-- Div Category Name --><div class=\"linklistcatname\"><!-- Div Cat Name --><span class=\"linklistcatclass\">Rapports et comptes-rendus<\/span><\/div><!-- DivOrHeader --><\/div><!-- Div Category Name -->\n\t<ul>\n<li><a href=\"https:\/\/recavaca.com\/wp-content\/uploads\/2018\/04\/RECAVACA_CR_Lancement.pdf\" id=\"link-1411\" class=\"track_this_link \" rel=\"noopener noreferrer\">Compte-rendu Lancement du Projet RECAVACA<\/a><\/li>\n<li><a href=\"https:\/\/recavaca.com\/wp-content\/uploads\/2018\/04\/RECAVACA_CR_Lancement.pdf\" id=\"link-1412\" class=\"track_this_link \" rel=\"noopener noreferrer\">Compte-rendu Lancement du Projet RECAVACA<\/a><\/li>\n<li><a href=\"https:\/\/wp.me\/p9QgSb-eE\" id=\"link-1425\" class=\"track_this_link \" rel=\"noopener noreferrer\">Les formations en processus post-r\u00e9coltes \u2013 N. DURAND, G. FOURNY et S. BHARATH<\/a><\/li>\n<li><a href=\"https:\/\/wp.me\/p9QgSb-eE\" id=\"link-1426\" class=\"track_this_link \" rel=\"noopener noreferrer\">Les formations en processus post-r\u00e9coltes \u2013 N. DURAND, G. FOURNY et S. BHARATH<\/a><\/li>\n<li><a href=\"https:\/\/recavaca.com\/index.php\/2017\/11\/19\/mission-de-c-cilas-m-boccara-et-d-meunier-en-haiti-27-octobre-au-7-novembre-2017\/\" id=\"link-1423\" class=\"track_this_link \" rel=\"noopener noreferrer\">Mission de C. CILAS, M. BOCCARA et D. Meunier en Ha\u00efti \u2013 27 octobre au 7 novembre 2017<\/a><\/li>\n<li><a href=\"https:\/\/recavaca.com\/index.php\/2017\/11\/19\/mission-de-c-cilas-m-boccara-et-d-meunier-en-haiti-27-octobre-au-7-novembre-2017\/\" id=\"link-1424\" class=\"track_this_link \" rel=\"noopener noreferrer\">Mission de C. CILAS, M. BOCCARA et D. Meunier en Ha\u00efti \u2013 27 octobre au 7 novembre 2017<\/a><\/li>\n<li><a href=\"https:\/\/recavaca.com\/index.php\/2018\/04\/11\/rapport-de-mission-wp-n1\/\" id=\"link-1409\" class=\"track_this_link \" rel=\"noopener noreferrer\">Mission de Christian CILAS en Guadeloupe \u2013 23 au 25 octobre 2017<\/a><\/li>\n<li><a href=\"https:\/\/recavaca.com\/index.php\/2018\/04\/11\/rapport-de-mission-wp-n1\/\" id=\"link-1410\" class=\"track_this_link \" rel=\"noopener noreferrer\">Mission de Christian CILAS en Guadeloupe \u2013 23 au 25 octobre 2017<\/a><\/li>\n<li><a href=\"https:\/\/recavaca.com\/index.php\/2017\/11\/07\/mission-de-myriam-conzett-en-haiti-28-octobre-au-7-novembre\/\" id=\"link-1421\" class=\"track_this_link \" rel=\"noopener noreferrer\">Mission de Myriam CONZETT en Ha\u00efti \u2013 28 octobre au 7 novembre<\/a><\/li>\n<li><a href=\"https:\/\/recavaca.com\/index.php\/2017\/11\/07\/mission-de-myriam-conzett-en-haiti-28-octobre-au-7-novembre\/\" id=\"link-1422\" class=\"track_this_link \" rel=\"noopener noreferrer\">Mission de Myriam CONZETT en Ha\u00efti \u2013 28 octobre au 7 novembre<\/a><\/li>\n\t<\/ul>\n<\/div><!-- Div End Category -->\n<script type='text\/javascript'>\njQuery(document).ready(function()\n{\njQuery('.arrow-up').hide();\njQuery('#linklist1 a.track_this_link').click(function() {\nlinkid = this.id;\nlinkid = linkid.substring(5);\npath = '';\njQuery.ajax( {    type: 'POST',    url: 'https:\/\/recavaca.com\/wp-admin\/admin-ajax.php',     data: { action: 'link_library_tracker',             _ajax_nonce: 'db42a3178b',             id:linkid, xpath:path }     });\nreturn true;\n});\njQuery('#linklist1 .expandlinks').click(function() {\ntarget = '.' + jQuery(this).attr('id');\nsubcattarget = '.' + jQuery(this).attr('data-subcat');\nif ( jQuery( target ).is(':visible') ) {\njQuery(target).slideUp();\njQuery(subcattarget).slideToggle();\njQuery(this).children('img').attr('src', 'https:\/\/recavaca.com\/wp-content\/plugins\/link-library\/icons\/expand-32.png');\n} else {\njQuery(target).slideDown();\njQuery(subcattarget).slideToggle();\njQuery(this).children('img').attr('src', 'https:\/\/recavaca.com\/wp-content\/plugins\/link-library\/icons\/collapse-32.png');\n}\n});\njQuery('#linklist1 .linklistcatclass').click(function() {\njQuery(this).siblings('.expandlinks').click();\n});\njQuery('#linklist1 .linklistcatnamedesc').click(function() {\njQuery(this).siblings('.expandlinks').click();\n});\n});\n<\/script>\n<\/div><!-- Div Linklist -->\n<!-- End of Link Library Output -->\n\n\n","protected":false},"excerpt":{"rendered":"<p>Most of the documents are in french.<\/p>\n","protected":false},"author":3,"featured_media":0,"parent":0,"menu_order":0,"comment_status":"closed","ping_status":"closed","template":"","meta":{"spay_email":""},"yoast_head":"<!-- This site is optimized with the Yoast SEO plugin v18.1 - https:\/\/yoast.com\/wordpress\/plugins\/seo\/ -->\n<title>Reports &amp; Articles - Recavaca<\/title>\n<meta name=\"robots\" content=\"index, follow, max-snippet:-1, max-image-preview:large, max-video-preview:-1\" \/>\n<link rel=\"canonical\" href=\"https:\/\/recavaca.com\/index.php\/en\/reports-articles\/\" \/>\n<meta property=\"og:locale\" content=\"fr_FR\" \/>\n<meta property=\"og:type\" content=\"article\" \/>\n<meta property=\"og:title\" content=\"Reports &amp; Articles - Recavaca\" \/>\n<meta property=\"og:description\" content=\"Most of the documents are in french.\" \/>\n<meta property=\"og:url\" content=\"https:\/\/recavaca.com\/index.php\/en\/reports-articles\/\" \/>\n<meta property=\"og:site_name\" content=\"Recavaca\" \/>\n<meta property=\"article:publisher\" content=\"https:\/\/www.facebook.com\/guadeloupeequitableetdurable\/\" \/>\n<meta name=\"twitter:card\" content=\"summary_large_image\" \/>\n<script type=\"application\/ld+json\" class=\"yoast-schema-graph\">{\"@context\":\"https:\/\/schema.org\",\"@graph\":[{\"@type\":\"WebSite\",\"@id\":\"https:\/\/recavaca.com\/#website\",\"url\":\"https:\/\/recavaca.com\/\",\"name\":\"Recavaca\",\"description\":\"R\u00e9seau Carib\u00e9en pour la Valorisation du Cacao\",\"potentialAction\":[{\"@type\":\"SearchAction\",\"target\":{\"@type\":\"EntryPoint\",\"urlTemplate\":\"https:\/\/recavaca.com\/?s={search_term_string}\"},\"query-input\":\"required name=search_term_string\"}],\"inLanguage\":\"fr-FR\"},{\"@type\":\"WebPage\",\"@id\":\"https:\/\/recavaca.com\/index.php\/en\/reports-articles\/#webpage\",\"url\":\"https:\/\/recavaca.com\/index.php\/en\/reports-articles\/\",\"name\":\"Reports & Articles - Recavaca\",\"isPartOf\":{\"@id\":\"https:\/\/recavaca.com\/#website\"},\"datePublished\":\"2018-05-24T19:08:27+00:00\",\"dateModified\":\"2018-05-24T19:08:27+00:00\",\"breadcrumb\":{\"@id\":\"https:\/\/recavaca.com\/index.php\/en\/reports-articles\/#breadcrumb\"},\"inLanguage\":\"fr-FR\",\"potentialAction\":[{\"@type\":\"ReadAction\",\"target\":[\"https:\/\/recavaca.com\/index.php\/en\/reports-articles\/\"]}]},{\"@type\":\"BreadcrumbList\",\"@id\":\"https:\/\/recavaca.com\/index.php\/en\/reports-articles\/#breadcrumb\",\"itemListElement\":[{\"@type\":\"ListItem\",\"position\":1,\"name\":\"Accueil\",\"item\":\"https:\/\/recavaca.com\/\"},{\"@type\":\"ListItem\",\"position\":2,\"name\":\"Reports &#038; Articles\"}]}]}<\/script>\n<!-- \/ Yoast SEO plugin. -->","yoast_head_json":{"title":"Reports & Articles - Recavaca","robots":{"index":"index","follow":"follow","max-snippet":"max-snippet:-1","max-image-preview":"max-image-preview:large","max-video-preview":"max-video-preview:-1"},"canonical":"https:\/\/recavaca.com\/index.php\/en\/reports-articles\/","og_locale":"fr_FR","og_type":"article","og_title":"Reports & Articles - Recavaca","og_description":"Most of the documents are in french.","og_url":"https:\/\/recavaca.com\/index.php\/en\/reports-articles\/","og_site_name":"Recavaca","article_publisher":"https:\/\/www.facebook.com\/guadeloupeequitableetdurable\/","twitter_card":"summary_large_image","schema":{"@context":"https:\/\/schema.org","@graph":[{"@type":"WebSite","@id":"https:\/\/recavaca.com\/#website","url":"https:\/\/recavaca.com\/","name":"Recavaca","description":"R\u00e9seau Carib\u00e9en pour la Valorisation du Cacao","potentialAction":[{"@type":"SearchAction","target":{"@type":"EntryPoint","urlTemplate":"https:\/\/recavaca.com\/?s={search_term_string}"},"query-input":"required name=search_term_string"}],"inLanguage":"fr-FR"},{"@type":"WebPage","@id":"https:\/\/recavaca.com\/index.php\/en\/reports-articles\/#webpage","url":"https:\/\/recavaca.com\/index.php\/en\/reports-articles\/","name":"Reports & Articles - Recavaca","isPartOf":{"@id":"https:\/\/recavaca.com\/#website"},"datePublished":"2018-05-24T19:08:27+00:00","dateModified":"2018-05-24T19:08:27+00:00","breadcrumb":{"@id":"https:\/\/recavaca.com\/index.php\/en\/reports-articles\/#breadcrumb"},"inLanguage":"fr-FR","potentialAction":[{"@type":"ReadAction","target":["https:\/\/recavaca.com\/index.php\/en\/reports-articles\/"]}]},{"@type":"BreadcrumbList","@id":"https:\/\/recavaca.com\/index.php\/en\/reports-articles\/#breadcrumb","itemListElement":[{"@type":"ListItem","position":1,"name":"Accueil","item":"https:\/\/recavaca.com\/"},{"@type":"ListItem","position":2,"name":"Reports &#038; Articles"}]}]}},"jetpack_sharing_enabled":true,"jetpack_shortlink":"https:\/\/wp.me\/P9QgSb-id","jetpack-related-posts":[{"id":1133,"url":"https:\/\/recavaca.com\/index.php\/en\/project-display\/","url_meta":{"origin":1129,"position":0},"title":"Project Display","date":"24 mai 2018","format":false,"excerpt":"Recavaca: a cooperation project for the valorization of cocoa The RECAVACA project aims at the\u00a0strengthening of the economical diversification of Ha\u00efti and Guadeloupe areas, on the long term the caribbean region, through the transfer of knowledge and the\u00a0commercialization of innovative product from a fair, local, organic and top of range\u2026","rel":"","context":"Article similaire","img":{"alt_text":"","src":"https:\/\/i0.wp.com\/recavaca.com\/wp-content\/uploads\/2018\/04\/RECAVACA-BANDEROLE-BDEF.png?fit=652%2C217&ssl=1&resize=350%2C200","width":350,"height":200},"classes":[]},{"id":1297,"url":"https:\/\/recavaca.com\/index.php\/en\/the-interreg-caribbean-program\/","url_meta":{"origin":1129,"position":1},"title":"The INTERREG Caribbean Program","date":"5 juin 2018","format":false,"excerpt":"The INTERREG Caribbean 2014-2020 Operational Program is part of the European Territorial Cooperation, and as such contributes to the implementation of the Europe 2020 strategy which aims to promote a harmonious development of the Caribbean space for smart, sustainable and inclusive growth. The OP will contribute to giving substance to\u2026","rel":"","context":"Article similaire","img":{"alt_text":"","src":"https:\/\/i0.wp.com\/recavaca.com\/wp-content\/uploads\/2018\/04\/AMI-Interreg-Caraibes.jpg?resize=350%2C200","width":350,"height":200},"classes":[]},{"id":1119,"url":"https:\/\/recavaca.com\/index.php\/en\/cocoa\/","url_meta":{"origin":1129,"position":2},"title":"Cocoa","date":"24 mai 2018","format":false,"excerpt":"The Cocoa history in the Caribbean region The Caribbean region covers the islands and continental American regions that surround the Caribbean Sea. This poor but touristic region has long been home to huge cocoa plantations and large growers because of its hot and humid climate. The cocoas obtained there were\u2026","rel":"","context":"Article similaire","img":{"alt_text":"","src":"https:\/\/i0.wp.com\/recavaca.com\/wp-content\/uploads\/2018\/04\/P_20180327_091110.jpg?fit=1200%2C675&ssl=1&resize=350%2C200","width":350,"height":200},"classes":[]},{"id":1123,"url":"https:\/\/recavaca.com\/index.php\/en\/project-launch\/","url_meta":{"origin":1129,"position":3},"title":"Project Launch","date":"24 mai 2018","format":false,"excerpt":"Launch of the Caribbean Network project for the valorization of cocoa The RECAVACA project is co-funded by the INTERREG Caribbean program under the European Regional Development Fund, it was launched on Tuesday 24 October 2017, at the CIRAD office (NeufChateau, Capesterre-Belle-Eau). ) in the presence of Mrs VAINQUEUR Betty, chair\u2026","rel":"","context":"Article similaire","img":{"alt_text":"","src":"https:\/\/i0.wp.com\/recavaca.com\/wp-content\/uploads\/2018\/04\/lancement.jpg?resize=350%2C200&ssl=1","width":350,"height":200},"classes":[]},{"id":1139,"url":"https:\/\/recavaca.com\/index.php\/en\/who-we-are\/","url_meta":{"origin":1129,"position":4},"title":"Who we are","date":"24 mai 2018","format":false,"excerpt":"AGED- Association Guadeloupe Equitable and Sustainable Founded in March 2011 in order to participate in the design of a fairer economic, social and environmental world, our association seeks to promote Sustainable Development and Fair Trade within the Caribbean Region and in particular in Guadeloupe. Why ? The idea is to\u2026","rel":"","context":"Article similaire","img":{"alt_text":"","src":"https:\/\/i0.wp.com\/recavaca.com\/wp-content\/uploads\/2018\/04\/P_20180115_125902.jpg?fit=1200%2C675&ssl=1&resize=350%2C200","width":350,"height":200},"classes":[]},{"id":1294,"url":"https:\/\/recavaca.com\/index.php\/en\/the-guadeloupe-region\/","url_meta":{"origin":1129,"position":5},"title":"The Guadeloupe region","date":"5 juin 2018","format":false,"excerpt":"The Guadeloupe region is the managing authority for European funds for which Guadeloupe benefits for its economic, social and cultural development. These Structural Funds (European Regional Development Fund (ERDF), European Social Fund (ESF), European Agricultural Fund for Rural Development (EAFRD), European Fund for Maritime Affairs and Fisheries (EMFF) are granted\u2026","rel":"","context":"Article similaire","img":{"alt_text":"","src":"","width":0,"height":0},"classes":[]}],"_links":{"self":[{"href":"https:\/\/recavaca.com\/index.php\/wp-json\/wp\/v2\/pages\/1129"}],"collection":[{"href":"https:\/\/recavaca.com\/index.php\/wp-json\/wp\/v2\/pages"}],"about":[{"href":"https:\/\/recavaca.com\/index.php\/wp-json\/wp\/v2\/types\/page"}],"author":[{"embeddable":true,"href":"https:\/\/recavaca.com\/index.php\/wp-json\/wp\/v2\/users\/3"}],"replies":[{"embeddable":true,"href":"https:\/\/recavaca.com\/index.php\/wp-json\/wp\/v2\/comments?post=1129"}],"version-history":[{"count":2,"href":"https:\/\/recavaca.com\/index.php\/wp-json\/wp\/v2\/pages\/1129\/revisions"}],"predecessor-version":[{"id":1131,"href":"https:\/\/recavaca.com\/index.php\/wp-json\/wp\/v2\/pages\/1129\/revisions\/1131"}],"wp:attachment":[{"href":"https:\/\/recavaca.com\/index.php\/wp-json\/wp\/v2\/media?parent=1129"}],"curies":[{"name":"wp","href":"https:\/\/api.w.org\/{rel}","templated":true}]}}